{"lang":"en","meta":{"meta":{"twitter:description":"Attractions, Events, Places to Visit, Itineraries and Travel Tips. Discover Calabria and Book Your Holiday","twitter:image":"\/images\/3549\/Calabria_Straordinaria.jpg","description":"Attractions, Events, Places to Visit, Itineraries and Travel Tips. Discover Calabria and Book Your Holiday","twitter:account_id":"","twitter:card":"summary_large_image","twitter:title":"Calabria Official Tourism Website | Calabria Straordinaria","twitter:site":"@","twitter:creator":"@"},"properties":{"og:title":"Calabria Official Tourism Website | Calabria Straordinaria","og:description":"Attractions, Events, Places to Visit, Itineraries and Travel Tips. Discover Calabria and Book Your Holiday","og:image":"\/images\/3549\/Calabria_Straordinaria.jpg","og:image:alt":"Attractions, Events, Places to Visit, Itineraries and Travel Tips. Discover Calabria and Book Your Holiday","og:url":"https:\/\/calabriastraordinaria.it\/","og:type":"website","og:locale":"en_GB"},"alternates":{"it":"https:\/\/calabriastraordinaria.it\/","en":"https:\/\/calabriastraordinaria.it\/en\/","de":"https:\/\/calabriastraordinaria.it\/de\/"},"title":"Calabria Official Tourism Website | Calabria Straordinaria","description":"Attractions, Events, Places to Visit, Itineraries and Travel Tips. Discover Calabria and Book Your Holiday","canonical":"https:\/\/calabriastraordinaria.it\/"},"menu":{"main":[{"title":"Discover Calabria","type":"discover-calabria","columnTitle":"Destinations","description":"Discover breathtaking landscapes, explore authentic villages, and let yourself be guided by the sea, mountains, and trails: Calabria awaits you.","sidebar":[{"title":"Interests","children":[{"title":"Art and Culture","url":"https:\/\/calabriastraordinaria.it\/en\/art-and-culture","target":"_self","children":[]},{"title":"Food and wine","url":"https:\/\/calabriastraordinaria.it\/en\/food-and-wine","target":"_self","children":[]},{"title":"Handicraft","url":"https:\/\/calabriastraordinaria.it\/en\/handicraft","target":"_self","children":[]},{"title":"Living slow","url":"https:\/\/calabriastraordinaria.it\/en\/living-slow","target":"_self","children":[]},{"title":"Sites of faith","url":"https:\/\/calabriastraordinaria.it\/en\/sites-of-faith","target":"_self","children":[]},{"title":"Sport and nature","url":"https:\/\/calabriastraordinaria.it\/en\/sport-and-nature","target":"_self","children":[]},{"title":"Tradition and folklore","url":"https:\/\/calabriastraordinaria.it\/en\/tradition-and-folklore","target":"_self","children":[]},{"title":"Wellness","url":"https:\/\/calabriastraordinaria.it\/en\/wellness","target":"_self","children":[]}]}],"target":"_self","url":false,"children":[{"title":"Sea","url":"https:\/\/calabriastraordinaria.it\/en\/sea","image":{"id":3534,"url":"http:\/\/calabriastraordinaria.it\/storage\/images\/3486\/mare.jpg","title":"Ricadi - Grotticelle","name":"mare","copyright":"Regione Calabria","width":1200,"height":799,"is_primary":1,"created_at":"2022-03-31 11:07:46","license":"","license_url":""},"target":"_self","children":[],"iconType":""},{"title":"Mountain","url":"https:\/\/calabriastraordinaria.it\/en\/mountain","image":{"id":3535,"url":"http:\/\/calabriastraordinaria.it\/storage\/images\/3487\/Montagna.jpg","title":"Sila Villaggio Mancuso","name":"Montagna","copyright":"Regione Calabria","width":1200,"height":900,"is_primary":1,"created_at":"2022-03-31 11:09:02","license":"","license_url":""},"target":"_self","children":[],"iconType":""},{"title":"Villages","url":"https:\/\/calabriastraordinaria.it\/en\/villages","image":{"id":3549,"url":"http:\/\/calabriastraordinaria.it\/storage\/images\/3501\/cs-altomonte-%281%29.jpg","title":"Altomonte","name":"cs-altomonte (1)","copyright":"Regione Calabria","width":1200,"height":799,"is_primary":1,"created_at":"2022-04-05 12:47:23","license":"","license_url":""},"target":"_self","children":[],"iconType":""},{"title":"Paths and Cycle Routes","url":"https:\/\/calabriastraordinaria.it\/en\/paths-and-cycle-routes","image":{"id":5222,"url":"http:\/\/calabriastraordinaria.it\/storage\/images\/5174\/Cammini.jpeg","title":"Cammini","name":"Cammini","copyright":null,"width":1440,"height":800,"is_primary":1,"created_at":"2023-10-09 09:52:44","license":"","license_url":""},"target":"_self","children":[],"iconType":""}]},{"title":"Travel tips","type":"travel-tips","columnTitle":"","description":"","sidebar":[{"title":"Interests","children":[{"title":"Art and Culture","url":"https:\/\/calabriastraordinaria.it\/en\/art-and-culture","target":"_self","children":[]},{"title":"Food and wine","url":"https:\/\/calabriastraordinaria.it\/en\/food-and-wine","target":"_self","children":[]},{"title":"Handicraft","url":"https:\/\/calabriastraordinaria.it\/en\/handicraft","target":"_self","children":[]},{"title":"Living slow","url":"https:\/\/calabriastraordinaria.it\/en\/living-slow","target":"_self","children":[]},{"title":"Sites of faith","url":"https:\/\/calabriastraordinaria.it\/en\/sites-of-faith","target":"_self","children":[]},{"title":"Sport and nature","url":"https:\/\/calabriastraordinaria.it\/en\/sport-and-nature","target":"_self","children":[]},{"title":"Tradition and folklore","url":"https:\/\/calabriastraordinaria.it\/en\/tradition-and-folklore","target":"_self","children":[]},{"title":"Wellness","url":"https:\/\/calabriastraordinaria.it\/en\/wellness","target":"_self","children":[]}]}],"target":"_self","url":"https:\/\/calabriastraordinaria.it\/en\/travel-tips","children":[]},{"title":"Itineraries","type":"itineraries","columnTitle":"","description":"","sidebar":[{"title":"Interests","children":[{"title":"Art and Culture","url":"https:\/\/calabriastraordinaria.it\/en\/art-and-culture","target":"_self","children":[]},{"title":"Food and wine","url":"https:\/\/calabriastraordinaria.it\/en\/food-and-wine","target":"_self","children":[]},{"title":"Handicraft","url":"https:\/\/calabriastraordinaria.it\/en\/handicraft","target":"_self","children":[]},{"title":"Living slow","url":"https:\/\/calabriastraordinaria.it\/en\/living-slow","target":"_self","children":[]},{"title":"Sites of faith","url":"https:\/\/calabriastraordinaria.it\/en\/sites-of-faith","target":"_self","children":[]},{"title":"Sport and nature","url":"https:\/\/calabriastraordinaria.it\/en\/sport-and-nature","target":"_self","children":[]},{"title":"Tradition and folklore","url":"https:\/\/calabriastraordinaria.it\/en\/tradition-and-folklore","target":"_self","children":[]},{"title":"Wellness","url":"https:\/\/calabriastraordinaria.it\/en\/wellness","target":"_self","children":[]}]}],"target":"_self","url":"https:\/\/calabriastraordinaria.it\/en\/itineraries","children":[]},{"title":"Events","type":"events","columnTitle":"","description":"","sidebar":[{"title":"Interests","children":[{"title":"Art and Culture","url":"https:\/\/calabriastraordinaria.it\/en\/art-and-culture","target":"_self","children":[]},{"title":"Food and wine","url":"https:\/\/calabriastraordinaria.it\/en\/food-and-wine","target":"_self","children":[]},{"title":"Handicraft","url":"https:\/\/calabriastraordinaria.it\/en\/handicraft","target":"_self","children":[]},{"title":"Living slow","url":"https:\/\/calabriastraordinaria.it\/en\/living-slow","target":"_self","children":[]},{"title":"Sites of faith","url":"https:\/\/calabriastraordinaria.it\/en\/sites-of-faith","target":"_self","children":[]},{"title":"Sport and nature","url":"https:\/\/calabriastraordinaria.it\/en\/sport-and-nature","target":"_self","children":[]},{"title":"Tradition and folklore","url":"https:\/\/calabriastraordinaria.it\/en\/tradition-and-folklore","target":"_self","children":[]},{"title":"Wellness","url":"https:\/\/calabriastraordinaria.it\/en\/wellness","target":"_self","children":[]}]}],"target":"_self","url":"https:\/\/calabriastraordinaria.it\/en\/events","children":[]},{"title":"Plan","type":"plan","columnTitle":"Hospitality","description":"Plan your trip easily: find a place to stay, rely on expert guides, and download everything you need to leave with peace of mind.","sidebar":[{"title":"Plan your trip","children":[{"title":"How to get here","url":"https:\/\/calabriastraordinaria.it\/en\/how-to-get-to-calabria","image":null,"target":"_self","children":[],"iconType":""},{"title":"Getting around","url":"https:\/\/calabriastraordinaria.it\/en\/getting-around-in-calabria","image":{"id":10212,"url":"http:\/\/calabriastraordinaria.it\/storage\/images\/10164\/shutterstock_1048738439.jpg","title":"Autobus","name":"shutterstock_1048738439","copyright":"andreonegin\/Shutterstock","width":1000,"height":667,"is_primary":1,"created_at":"2024-06-28 08:12:55","license":"","license_url":""},"target":"_self","children":[],"iconType":""},{"title":"Experiences","url":"https:\/\/calabriastraordinaria.it\/en\/experiences","image":null,"target":"_self","children":[],"iconType":""},{"title":"Excursions","url":"https:\/\/calabriastraordinaria.it\/en\/excursions","image":null,"target":"_self","children":[],"iconType":""},{"title":"Holiday Packages","url":"https:\/\/calabriastraordinaria.it\/en\/holiday-packages","image":null,"target":"_self","children":[],"iconType":""},{"title":"My Travel","subtitle":"Organize your trip and share it with who you want","url":"https:\/\/calabriastraordinaria.it\/en\/my-travel","image":null,"target":"_self","children":[],"iconType":"Hearth"}]},{"title":"Are you already in Calabria?","children":[{"title":"Interactive Map","subtitle":"Look around","url":"https:\/\/calabriastraordinaria.it\/en\/interactive-map","image":null,"target":"_self","children":[],"iconType":"MapPin"}]},{"title":"Useful Information","children":[{"title":"Weather","url":"https:\/\/calabriastraordinaria.it\/en\/weather-in-calabria","image":null,"target":"_self","children":[],"iconType":""},{"title":"Useful numbers","url":"https:\/\/calabriastraordinaria.it\/en\/useful-numbers","image":null,"target":"_self","children":[],"iconType":""}]}],"target":"_self","url":false,"children":[{"title":"Where to sleep","url":"https:\/\/calabriastraordinaria.it\/en\/where-to-sleep-in-calabria","image":{"id":15782,"url":"http:\/\/calabriastraordinaria.it\/storage\/images\/15734\/dove-dormire.jpg","title":"dove dormire","name":"dove-dormire","copyright":"luchunyu\/Shutterstock","width":1000,"height":667,"is_primary":1,"created_at":"2026-03-23 11:25:19","license":"","license_url":""},"target":"_self","children":[],"iconType":""},{"title":"Travel agencies","url":"https:\/\/calabriastraordinaria.it\/en\/travel-agencies","image":{"id":4068,"url":"http:\/\/calabriastraordinaria.it\/storage\/images\/4020\/Agenzia-di-viaggio.jpg","title":"Agenzia di viaggio","name":"Agenzia di viaggio","copyright":"Viktoriia Hnatiuk\/Shutterstock","width":1000,"height":667,"is_primary":1,"created_at":"2023-06-08 14:35:59","license":"","license_url":""},"target":"_self","children":[],"iconType":""},{"title":"Guides and tour leaders","url":"https:\/\/calabriastraordinaria.it\/en\/guides-and-tour-leaders","image":{"id":4078,"url":"http:\/\/calabriastraordinaria.it\/storage\/images\/4030\/rc-teatro.jpg","title":"Reggio Calabria","name":"rc-teatro","copyright":"Regione Calabria","width":1352,"height":897,"is_primary":1,"created_at":"2023-06-15 10:08:52","license":"","license_url":""},"target":"_self","children":[],"iconType":""},{"title":"Download","url":"https:\/\/calabriastraordinaria.it\/en\/download","image":{"id":15783,"url":"http:\/\/calabriastraordinaria.it\/storage\/images\/15735\/download.jpg","title":"download","name":"download","copyright":"PeopleImages\/Shutterstock","width":1000,"height":527,"is_primary":1,"created_at":"2026-03-23 11:27:22","license":"","license_url":""},"target":"_self","children":[],"iconType":""}]}],"socials":[{"title":"Facebook","url":"https:\/\/www.facebook.com\/CalabriaStraordinariaOfficial","social":"facebook","target":"_blank"},{"title":"YouTube","url":"https:\/\/www.youtube.com\/channel\/UCq-pw-Zs8qKid082U_weaUA","social":"youtube","target":"_blank"},{"title":"Instagram","url":"https:\/\/instagram.com\/calabriastraordinariaofficial","social":"instagram","target":"_blank"},{"title":"Tiktok","url":"https:\/\/www.tiktok.com\/@calabria_straordinaria","social":"tiktok","target":"_blank"}],"lang":{"it":"https:\/\/calabriastraordinaria.it\/","en":"https:\/\/calabriastraordinaria.it\/en\/","de":"https:\/\/calabriastraordinaria.it\/de\/"},"footer":{"info":{"payoff":"Content owned by the Calabria Region | Tourism and Commerce Department issued under CC-BY License","copyright":"OFFICIAL TOURIST INFORMATION SITE \u00a9 2022 Calabria Region Tourism and Commerce Department","social":[{"title":"Facebook","url":"https:\/\/www.facebook.com\/CalabriaStraordinariaOfficial","social":"facebook","target":"_blank"},{"title":"YouTube","url":"https:\/\/www.youtube.com\/channel\/UCq-pw-Zs8qKid082U_weaUA","social":"youtube","target":"_blank"},{"title":"Instagram","url":"https:\/\/instagram.com\/calabriastraordinariaofficial","social":"instagram","target":"_blank"},{"title":"Tiktok","url":"https:\/\/www.tiktok.com\/@calabria_straordinaria","social":"tiktok","target":"_blank"}]},"newsletter":{"text":"Stay up to date with the Newsletter","call-to-action":"Subscribe"},"menu":[{"title":"Download","url":"https:\/\/calabriastraordinaria.it\/en\/download","target":"_self","iconType":"download"},{"title":"About us","url":"https:\/\/calabriastraordinaria.it\/en\/about-us","image":null,"target":"_self","children":[],"iconType":"download"},{"title":"Virtual Tour","url":"https:\/\/virtualcalabria.it","target":"_blank","iconType":"virtualtour"},{"title":"Media kit","url":"https:\/\/calabriastraordinaria.it\/en\/media-kit","image":null,"target":"_self","children":[],"iconType":"download"},{"title":"Contact","url":"https:\/\/calabriastraordinaria.it\/en\/contact","target":"_self","iconType":"contatti"}],"istitutional":[{"title":"Privacy","url":"https:\/\/calabriastraordinaria.it\/en\/privacy","image":null,"target":"_self","children":[],"iconType":""},{"title":"Legal information","url":"https:\/\/calabriastraordinaria.it\/en\/legal-information","image":null,"target":"_self","children":[],"iconType":""},{"title":"Accessibility Statements","url":"https:\/\/form.agid.gov.it\/view\/27adf360-533c-11f0-88a4-4d4cbd24b7f0","target":"_blank"},{"title":"Open Data","url":"https:\/\/calabriastraordinaria.it\/en\/open-data","image":null,"target":"_self","children":[],"iconType":"opendata"},{"title":"Operators\u2019 Reserved Area","url":"http:\/\/calabriastraordinaria.it\/operatori","target":"_blank","iconType":"download"},{"title":"Tourism Observatory - Login","url":"https:\/\/calabriastraordinaria.it\/osservatorio\/oauth2\/signin","target":"_blank","iconType":"download"}]}},"body":{"slides":[],"sections":[{"title":"Travel Tips","subTitle":"Travel tips, curiosities, news","archiveURL":"https:\/\/calabriastraordinaria.it\/en\/travel-tips","archiveText":"Discover our travel tips","type":"blogNews","children":[{"description":"<p>Are you planning a holiday in San Lucido, the \u2018\u2019balcony on the Tyrrhenian Sea\u2018\u2019 in the province of Cosenza? Excellent choice! A relaxing Mediterranean atmosphere awaits you, suspended between history, legends and a crystal-clear sea.<\/p>","slug":"a-walk-through-the-historic-centre-of-san-lucido","subtitle":"Terrace overlooking the Tyrrhenian Sea, between history and the sea","title":"A walk through the historic centre of San Lucido","category":"Art and Culture","address":"","id":21835,"type":"blog","permalink":"https:\/\/calabriastraordinaria.it\/en\/travel-tips\/a-walk-through-the-historic-centre-of-san-lucido","cities":[{"code":118,"name":"San Lucido","province":"Cosenza","point":{"lat":39.30655566825926,"lng":16.08228232849689}}],"permalink_cta":"Read more","image":{"id":12492,"type":"image","url":"https:\/\/calabriastraordinaria.it\/storage\/images\/12444\/CS-San-Lucido-Paesaggio-Panorama-Mare-4%5BLR-13-2023%5D.JPG","url_thumb":"https:\/\/calabriastraordinaria.it\/storage\/images\/12444\/conversions\/CS-San-Lucido-Paesaggio-Panorama-Mare-4%5BLR-13-2023%5D-thumb.jpg","title":"San Lucido","name":"CS-San Lucido-Paesaggio Panorama Mare 4[LR 13-2023]","caption":null,"description":null,"copyright":"San Lucido - Regione Calabria","width":3800,"height":2850,"license":"","license_url":""},"author":"","pub_date":"2025-05-22 12:48:32"},{"description":"<p>Four words to define your ideal summer: sun, sea, relaxation and - of course - music. Holidays in Calabria have everything you need to make them unforgettable.<\/p><p>Will you choose the wonderful views of the Tyrrhenian coast? Or are you more of an Ionian coast type, a bit wild and undiscovered? In any case, you can already choose the soundtrack of your holiday. Here are the main summer festivals offering unmissable open-air concerts.<\/p>","slug":"the-most-awaited-music-summer-festivals-in-calabria","subtitle":"Unmissable events with live concerts, tradition and breathtaking views","title":"The most awaited music summer festivals in Calabria","category":"Tradition and folklore","address":"","id":21462,"type":"blog","permalink":"https:\/\/calabriastraordinaria.it\/en\/travel-tips\/the-most-awaited-music-summer-festivals-in-calabria","cities":[{"code":125,"name":"Santa Caterina Albanese","province":"Cosenza","point":{"lat":39.595689073490945,"lng":16.087135321461833}},{"code":128,"name":"Santa Maria del Cedro","province":"Cosenza","point":{"lat":39.75352113240119,"lng":15.837959264259139}},{"code":138,"name":"Spezzano della Sila","province":"Cosenza","point":{"lat":39.34882678442595,"lng":16.488222136402744}},{"code":169,"name":"Conflenti","province":"Catanzaro","point":{"lat":39.04485529081403,"lng":16.27978443762948}},{"code":230,"name":"Lamezia Terme","province":"Catanzaro","point":{"lat":38.9381217344697,"lng":16.277448390138265}},{"code":255,"name":"Caulonia","province":"Reggio di Calabria","point":{"lat":38.394610200083555,"lng":16.399808064789344}},{"code":297,"name":"Roccella Ionica","province":"Reggio di Calabria","point":{"lat":38.347167771911394,"lng":16.374520991855082}},{"code":335,"name":"Cir\u00f2 Marina","province":"Crotone","point":{"lat":39.36541640449255,"lng":17.108639994797244}}],"permalink_cta":"Read more","image":{"id":12862,"type":"image","url":"https:\/\/calabriastraordinaria.it\/storage\/images\/12814\/IMG_1012.jpg","url_thumb":"https:\/\/calabriastraordinaria.it\/storage\/images\/12814\/conversions\/IMG_1012-thumb.jpg","title":"Chiesetta di San Lorenzo, Camigliatello Silano","name":"IMG_1012","caption":null,"description":"Chiesetta di San Lorenzo, Camigliatello Silano","copyright":"Chiesetta di San Lorenzo, Camigliatello Silano - Marco Spadafora","width":4032,"height":3024,"license":"","license_url":""},"author":"","pub_date":"2026-07-13 07:31:39"},{"description":"<p>The official tourism portal of the Region of Calabria, Calabria Straordinaria, offers operators in the sector a new reserved area, an innovative and free tool to promote their activities and initiativ(...)<\/p>","slug":"access-the-new-reserved-area-dedicated-to-tourism-stakeholders","subtitle":"A new digital opportunity for tourist stakeholders in Calabria","title":"Access the new Reserved Area dedicated to tourism stakeholders","category":"News","address":"","id":18190,"type":"blog","permalink":"https:\/\/calabriastraordinaria.it\/en\/travel-tips\/access-the-new-reserved-area-dedicated-to-tourism-stakeholders","cities":[],"permalink_cta":"Read more","image":{"id":12545,"type":"image","url":"https:\/\/calabriastraordinaria.it\/storage\/images\/12497\/area-operatori-%281%29.jpg","url_thumb":"https:\/\/calabriastraordinaria.it\/storage\/images\/12497\/conversions\/area-operatori-%281%29-thumb.jpg","title":"Area Operatori","name":"area-operatori (1)","caption":null,"description":null,"copyright":null,"width":1440,"height":965,"license":"","license_url":""},"author":"","pub_date":"2025-04-03 15:41:09"},{"description":"Are you looking for the right place for dog trekking in Calabria? The wide green spaces of no less than 3 national parks and dozens of state and regional reserves are ideal places to experience mounta(...)","slug":"dog-trekking-in-calabria-the-best-excursions-with-the-dog","subtitle":"6-legged trekking in Calabria: discover where to go hiking with your dog in the mountains","title":"Dog trekking in Calabria: the best excursions with the dog","category":"Sport and nature","address":"","id":15913,"type":"blog","permalink":"https:\/\/calabriastraordinaria.it\/en\/travel-tips\/dog-trekking-in-calabria-the-best-excursions-with-the-dog","cities":[],"permalink_cta":"Read more","image":{"id":11739,"type":"image","url":"https:\/\/calabriastraordinaria.it\/storage\/images\/11691\/IMG-20241010-WA0019.jpg","url_thumb":"https:\/\/calabriastraordinaria.it\/storage\/images\/11691\/conversions\/IMG-20241010-WA0019-thumb.jpg","title":"Dog trekking","name":"IMG-20241010-WA0019","caption":null,"description":null,"copyright":"Esperiandanti\/Yellowjoy","width":4220,"height":2679,"license":"","license_url":""},"author":"","pub_date":"2024-10-11 12:54:22"},{"description":"<p>Among the lesser-known but certainly more fascinating tourist experiences for nature lovers, excursions to Calabria's lakes represent a unique way of getting in touch with the environment and practisi(...)<\/p>","slug":"excursion-between-the-lakes-of-calabria","subtitle":"Discovering the lakes in Calabria, an excursion by boat, bike or on horseback","title":"Excursion between the lakes of Calabria","category":"Sport and nature","address":"","id":9635,"type":"blog","permalink":"https:\/\/calabriastraordinaria.it\/en\/travel-tips\/excursion-between-the-lakes-of-calabria","cities":[],"permalink_cta":"Read more","image":{"id":6760,"type":"image","url":"https:\/\/calabriastraordinaria.it\/storage\/images\/6712\/cs-lago-arvo.jpg","url_thumb":"https:\/\/calabriastraordinaria.it\/storage\/images\/6712\/conversions\/cs-lago-arvo-thumb.jpg","title":"Lago Arvo","name":"cs-lago-arvo","caption":null,"description":null,"copyright":"Regione Calabria","width":1920,"height":1279,"license":"","license_url":""},"author":"","pub_date":"2025-12-02 10:50:06"},{"description":"<p>Are you thinking about your next holiday in Calabria? Summer in Roccella Ionica, along the Costa dei Gelsomini in the province of Reggio Calabria, awaits you for a dip in its crystal-clear sea, confirmed Blue Flag and Green Flag, and a series of highly anticipated events that, like every year, enliven the summer evenings with music, concerts, and shows, such as the traditional \u2018\u2019Roccella Jazz Festival\u2018\u2019 and the innovative Roccella Summer Festival.<\/p>","slug":"summer-in-roccella-ionica-between-sea-and-events","subtitle":"Dives, music and shows on the Costa dei Gelsomini","title":"Summer in Roccella Ionica, between sea and events","category":"Wellness","address":"","id":5699,"type":"blog","permalink":"https:\/\/calabriastraordinaria.it\/en\/travel-tips\/summer-in-roccella-ionica-between-sea-and-events","cities":[{"code":297,"name":"Roccella Ionica","province":"Reggio di Calabria","point":{"lat":38.347167771911394,"lng":16.374520991855082}}],"permalink_cta":"Read more","image":{"id":4052,"type":"image","url":"https:\/\/calabriastraordinaria.it\/storage\/images\/4004\/rc-roccella.jpg","url_thumb":"https:\/\/calabriastraordinaria.it\/storage\/images\/4004\/conversions\/rc-roccella-thumb.jpg","title":"Roccella Ionica","name":"rc-roccella","caption":null,"description":null,"copyright":"Regione Calabria","width":1920,"height":1279,"license":"","license_url":""},"author":"","pub_date":"2025-11-27 15:33:40"}]},{"title":"Discover Calabria","subTitle":"What experience are you looking for?","archiveURL":"https:\/\/calabriastraordinaria.it\/en\/how-to-get-to-calabria","archiveText":"Find out how to reach all destinations","type":"discovery","children":[]},{"title":"Events","subTitle":"Discover the upcoming events","archiveURL":"https:\/\/calabriastraordinaria.it\/en\/\/events","archiveText":"Discover events","type":"events","children":[{"description":"Let\u2019s give a voice to Calabria as it brings its riches and talents to life. To the local areas that organise, welcome, share stories and take centre stage.Calabria Straordinaria Live is the weekly cal(...)","slug":"calabria-straordinaria-live","subtitle":"This week\u2019s events to discover Calabria\u2019s vibrant and welcoming spirit","title":"Calabria Straordinaria Live","category":"Multiple events","dates":"1 - 6 Sep other dates: Sep 3, 2026, Sep 5, 2026, Sep 5, 2026 and Sep 6, 2026","address":"Cerisano, Lappano, Rogliano and other places","point":{"lat":39.2777619,"lng":16.1738988},"url_cta":"How to get there","url":"https:\/\/www.google.com\/maps\/dir\/?api=1&destination=39.2777619,16.1738988","id":40588,"type":"event","permalink":"https:\/\/calabriastraordinaria.it\/en\/events\/calabria-straordinaria-live","image":{"id":16934,"type":"image","url":"https:\/\/calabriastraordinaria.it\/storage\/images\/16886\/banner_CalabriaStraordinariaLive-01.jpg","url_thumb":"https:\/\/calabriastraordinaria.it\/storage\/images\/16886\/conversions\/banner_CalabriaStraordinariaLive-01-thumb.jpg","title":"banner_CalabriaStraordinariaLive-01","name":"banner_CalabriaStraordinariaLive-01","caption":null,"description":"banner_CalabriaStraordinariaLive-01","copyright":null,"width":2500,"height":1458,"license":"","license_url":""},"author":"","pub_date":"2026-09-01 06:01:06"},{"description":"Armonie D'Arte Festival is the summer travelling event dedicated to the performing arts. The brainchild of artistic director, Chiara Giordano, the festival represents one of the most interesting natio(...)","slug":"armonie-darte-festival","subtitle":"Immerse yourself in the magic of Armonie D'Arte Festival, the travelling performing arts festival","title":"Armonie D'Arte Festival","category":"Multiple events","dates":"Jul 3 - 5 Sep other dates: Jul 10, 2026, Jul 17, 2026, Jul 20, 2026, Jul 24, 2026, Jul 26, 2026, Aug 2, 2026, Aug 4, 2026, Aug 7, 2026, Aug 13, 2026, Aug 16, 2026, Aug 18, 2026, Aug 19, 2026, Aug 23, 2026, Aug 26, 2026, Aug 28, 2026 and Sep 5, 2026","address":"Borgia, Soverato","point":{"lat":38.8096875,"lng":16.5965625},"url_cta":"How to get there","url":"https:\/\/www.google.com\/maps\/dir\/?api=1&destination=38.8096875,16.5965625","id":5301,"type":"event","permalink":"https:\/\/calabriastraordinaria.it\/en\/events\/armonie-darte-festival","image":{"id":17107,"type":"image","url":"https:\/\/calabriastraordinaria.it\/storage\/images\/17059\/Armonie-d%27arte-festival.jpg","url_thumb":"https:\/\/calabriastraordinaria.it\/storage\/images\/17059\/conversions\/Armonie-d%27arte-festival-thumb.jpg","title":"Armonie d'arte festival","name":"Armonie d'arte festival","caption":null,"description":"Armonie d'arte festival","copyright":"https:\/\/www.facebook.com\/ArmoniedArteFestival","width":800,"height":800,"license":"","license_url":""},"author":"","pub_date":"2026-09-01 06:01:02"},{"description":"From 1 July to 30 September 2026, the Citt\u00e0 di Cosenza Multimedia Museum is hosting \u201cVan Gogh \u2013 A Dream Called Vincent\u201d, an immersive exhibition dedicated to one of the most beloved artists in the his(...)","slug":"van-gogh-a-dream-called-vincent","subtitle":"A journey into the visionary world of Vincent Van Gogh","title":"Van Gogh \u2013 A Dream Called Vincent","category":"Art Exhibit","dates":"Jul 1 - 30 Sep","address":"Museo Multimediale, Cosenza","point":{"lat":39.3028125,"lng":16.2523125},"url_cta":"How to get there","url":"https:\/\/www.google.com\/maps\/dir\/?api=1&destination=39.3028125,16.2523125","id":40607,"type":"event","permalink":"https:\/\/calabriastraordinaria.it\/en\/events\/van-gogh-a-dream-called-vincent","image":{"id":16947,"type":"image","url":"https:\/\/calabriastraordinaria.it\/storage\/images\/16899\/Mostra-Van-Gogh.png","url_thumb":"https:\/\/calabriastraordinaria.it\/storage\/images\/16899\/conversions\/Mostra-Van-Gogh-thumb.jpg","title":"Mostra Van Gogh","name":"Mostra Van Gogh","caption":null,"description":"Locandina evento Mostra Van Gogh","copyright":null,"width":1080,"height":1440,"license":"","license_url":""},"author":"","pub_date":"2026-09-01 06:01:06"},{"description":"Wondering what to do after the summer? Enjoy the events of the Autumn Festival in Catanzaro and province: music, art and unmissable shows.Festival historyThe Autumn Festival (Catanzaro) was born in 20(...)","slug":"autumn-festival","subtitle":"What to do after the summer? Enjoy the events of the Autumn Festival in Catanzaro and province","title":"Autumn Festival","category":"Multiple events","dates":"Sep 4 - 14 Nov other dates: Oct 17, 2026, Oct 23, 2026, Oct 24, 2026, Oct 27, 2026, Oct 28, 2026, Oct 30, 2026, Nov 5, 2026, Nov 7, 2026 and Nov 14, 2026","address":"Squillace, Borgia, Catanzaro","point":{"lat":38.7814375,"lng":16.5180625},"url_cta":"How to get there","url":"https:\/\/www.google.com\/maps\/dir\/?api=1&destination=38.7814375,16.5180625","id":13512,"type":"event","permalink":"https:\/\/calabriastraordinaria.it\/en\/events\/autumn-festival","image":{"id":17615,"type":"image","url":"https:\/\/calabriastraordinaria.it\/storage\/images\/17567\/Festival-autunno.jpg","url_thumb":"https:\/\/calabriastraordinaria.it\/storage\/images\/17567\/conversions\/Festival-autunno-thumb.jpg","title":"Festival d'autunno","name":"Festival autunno","caption":null,"description":"Locandina evento Festival d'autunno","copyright":"https:\/\/www.facebook.com\/festivalautunno","width":2048,"height":1152,"license":"","license_url":""},"author":"","pub_date":"2026-09-01 06:01:02"},{"description":"On Wednesday 26 August 2026, the Arena dei Cedri in Santa Maria del Cedro will host Claudio Baglioni for the Tirreno Festival with 'La Vita \u00e8 Adesso \u2013 Grand Tour'.Accompanied by the entire ensemble of(...)","slug":"tirreno-festival-claudio-baglioni","subtitle":"Claudio Baglioni and his masterpieces on stage at the Arena dei Cedri","title":"Tirreno Festival | Claudio Baglioni","category":"Music","dates":"Aug 23, 2027","address":"Arena dei Cedri, Santa Maria del Cedro","point":{"lat":39.7456875,"lng":15.8058125},"url_cta":"How to get there","url":"https:\/\/www.google.com\/maps\/dir\/?api=1&destination=39.7456875,15.8058125","id":27313,"type":"event","permalink":"https:\/\/calabriastraordinaria.it\/en\/events\/tirreno-festival-claudio-baglioni","image":{"id":16748,"type":"image","url":"https:\/\/calabriastraordinaria.it\/storage\/images\/16700\/Claudio-Baglioni-Tirreno-Festival.jpg","url_thumb":"https:\/\/calabriastraordinaria.it\/storage\/images\/16700\/conversions\/Claudio-Baglioni-Tirreno-Festival-thumb.jpg","title":"Claudio Baglioni Tirreno Festival","name":"Claudio Baglioni Tirreno Festival","caption":null,"description":"Claudio Baglioni Tirreno Festival","copyright":"https:\/\/www.facebook.com\/1ticketservicecalabria","width":1600,"height":2000,"license":"","license_url":""},"author":"","pub_date":"2026-09-01 06:01:03"},{"description":"As part of the KrimiSound summer festival, the Arena Saracena in Cir\u00f2 Marina will host one of the most eagerly awaited events on Monday 24 August 2026: Claudio Baglioni with his 'La Vita \u00e8 Adesso \u2013 Gr(...)","slug":"krimisound-claudio-baglioni","subtitle":"Great Italian music takes centre stage in Cir\u00f2 Marina this summer","title":"KrimiSound Festival | Claudio Baglioni","category":"Music","dates":"Aug 22, 2027","address":"Arena Saracena, Cir\u00f2 Marina","point":{"lat":39.4023125,"lng":17.1265625},"url_cta":"How to get there","url":"https:\/\/www.google.com\/maps\/dir\/?api=1&destination=39.4023125,17.1265625","id":27309,"type":"event","permalink":"https:\/\/calabriastraordinaria.it\/en\/events\/krimisound-claudio-baglioni","image":{"id":16746,"type":"image","url":"https:\/\/calabriastraordinaria.it\/storage\/images\/16698\/Claudio-Baglioni-Cir%C3%B2.jpg","url_thumb":"https:\/\/calabriastraordinaria.it\/storage\/images\/16698\/conversions\/Claudio-Baglioni-Cir%C3%B2-thumb.jpg","title":"Claudio Baglioni Cir\u00f2","name":"Claudio Baglioni Cir\u00f2","caption":null,"description":"Claudio Baglioni Cir\u00f2","copyright":"https:\/\/www.instagram.com\/krimisound_\/","width":1350,"height":1688,"license":"","license_url":""},"author":"","pub_date":"2026-09-01 06:01:03"}]},{"title":"Nature & Outdoor","subTitle":"","archiveURL":null,"archiveText":"See more","type":"naturaOutdoor","children":[{"description":"The only region in Italy to host three National Parks on its territory: Pollino, Sila and Aspromonte. Visit them all and don't miss the Serre Regional Park.","slug":"parks","subtitle":"One region, three National Parks: Pollino, Sila, Aspromonte","title":"Parks","category":"Sport and nature","address":"","id":6624,"type":"page","permalink":"https:\/\/calabriastraordinaria.it\/en\/parks","cities":[],"permalink_cta":"Read more","image":{"id":5219,"type":"image","url":"https:\/\/calabriastraordinaria.it\/storage\/images\/5171\/Parchi.jpeg","url_thumb":"https:\/\/calabriastraordinaria.it\/storage\/images\/5171\/conversions\/Parchi-thumb.jpg","title":"Parchi Nazionali","name":"Parchi","caption":null,"description":null,"copyright":null,"width":1440,"height":800,"license":"","license_url":""},"author":"","pub_date":"2026-08-06 07:19:32"},{"description":"Did you know that in Calabria there are 6 Paths mapped and recognised by MiC and CAI? Set off and you will discover that crossing Calabria on foot is a unique experience that will make you appreciate(...)","slug":"paths-and-cycle-routes","subtitle":"The Paths of Calabria are dedicated to those seeking an introspective and emotional travel experience, to be savoured at a slow pace","title":"Paths and Cycle Routes","category":"Sport and nature","address":"","id":6616,"type":"page","permalink":"https:\/\/calabriastraordinaria.it\/en\/paths-and-cycle-routes","cities":[],"permalink_cta":"Read more","image":{"id":5222,"type":"image","url":"https:\/\/calabriastraordinaria.it\/storage\/images\/5174\/Cammini.jpeg","url_thumb":"https:\/\/calabriastraordinaria.it\/storage\/images\/5174\/conversions\/Cammini-thumb.jpg","title":"Cammini","name":"Cammini","caption":null,"description":null,"copyright":null,"width":1440,"height":800,"license":"","license_url":""},"author":"","pub_date":"2026-04-15 09:44:45"},{"description":"With no less than 16 State Nature Reserves and 3 Regional Nature Reserves, Calabria confirms itself as a green region that dialogues with the blue of its two seas.","slug":"nature-reserves","subtitle":"An oasis of wellbeing and endless opportunities for outdoor sports","title":"Nature Reserves","category":"","address":"","id":6622,"type":"page","permalink":"https:\/\/calabriastraordinaria.it\/en\/nature-reserves","cities":[],"permalink_cta":"Read more","image":{"id":5221,"type":"image","url":"https:\/\/calabriastraordinaria.it\/storage\/images\/5173\/Riserve.jpeg","url_thumb":"https:\/\/calabriastraordinaria.it\/storage\/images\/5173\/conversions\/Riserve-thumb.jpg","title":"Riserve Naturali","name":"Riserve","caption":null,"description":null,"copyright":null,"width":1440,"height":800,"license":"","license_url":""},"author":"","pub_date":"2026-05-06 14:35:15"},{"description":"Among the Italian regions with the most kilometres of coastline, Calabria has 1 Marine Protected Area and 6 Marine Parks.","slug":"marine-areas-and-parks","subtitle":"Among the Italian regions with the most kilometres of coastline, Calabria has 1 Marine Protected Area and 6 Marine Parks","title":"Marine Areas and Parks","category":"","address":"","id":6623,"type":"page","permalink":"https:\/\/calabriastraordinaria.it\/en\/marine-areas-and-parks","cities":[],"permalink_cta":"Read more","image":{"id":5220,"type":"image","url":"https:\/\/calabriastraordinaria.it\/storage\/images\/5172\/Aree-e-Parchi-Marini.jpeg","url_thumb":"https:\/\/calabriastraordinaria.it\/storage\/images\/5172\/conversions\/Aree-e-Parchi-Marini-thumb.jpg","title":"Aree e Parchi Marini","name":"Aree e Parchi Marini","caption":null,"description":null,"copyright":null,"width":1440,"height":800,"license":"","license_url":""},"author":"","pub_date":"2026-04-30 13:42:55"}]},{"title":"Itineraries","subTitle":"In Calabria you never get bored","archiveURL":"https:\/\/calabriastraordinaria.it\/en\/\/itineraries","archiveText":"Discover itineraries","type":"itineraries","children":[{"description":"If you are thinking of Calabria among your holiday destinations with friends, know that it is the right choice! Between sea, excursions, adrenalin sports, community parties and nightlife, fun is guara(...)","slug":"holidays-with-friends-in-calabria-top-5-places-to-have-fun","subtitle":"Discover the Calabria of summer fun on holiday with friends","title":"Holidays with friends in Calabria: top 5 places to have fun","category":"Sport and nature","point":{"lat":39.8276658,"lng":16.3134837},"url_cta":"How to get there","url":"https:\/\/www.google.com\/maps\/dir\/?api=1&destination=39.8276658,16.3134837","address":"Civita, Cutro, Soverato and other places","id":21952,"type":"itinerary","permalink":"https:\/\/calabriastraordinaria.it\/en\/itineraries\/holidays-with-friends-in-calabria-top-5-places-to-have-fun","cities":[{"code":40,"name":"Civita","province":"Cosenza","point":{"lat":39.84927720012295,"lng":16.31033902921075}},{"code":220,"name":"Soverato","province":"Catanzaro","point":{"lat":38.69058500283424,"lng":16.5321946229304}},{"code":293,"name":"Reggio di Calabria","province":"Reggio di Calabria","point":{"lat":38.11280294135838,"lng":15.718131880377047}},{"code":339,"name":"Cutro","province":"Crotone","point":{"lat":39.00166264461777,"lng":16.983774214400015}},{"code":384,"name":"Ricadi","province":"Vibo Valentia","point":{"lat":38.63618581149685,"lng":15.857547126441359}}],"permalink_cta":"Read more","image":{"id":4977,"type":"image","url":"https:\/\/calabriastraordinaria.it\/storage\/images\/4929\/Escursione-off-road-2021.jpg","url_thumb":"https:\/\/calabriastraordinaria.it\/storage\/images\/4929\/conversions\/Escursione-off-road-2021-thumb.jpg","title":"Escursione off road","name":"Escursione off road 2021","caption":null,"description":null,"copyright":"Regione Calabria","width":960,"height":720,"license":"","license_url":""},"author":"","pub_date":"2025-05-27 13:25:42"},{"description":"First time in Calabria? Where to go and what to admire in a 5-stage itinerary, specifically designed to allow you to visit the most beautiful places in Calabria according to the time of your stay and(...)","slug":"first-time-in-calabria-5-places-you-absolutely-must-visit","subtitle":"Unmissable stops for a first adventure in Calabria","title":"First time in Calabria? 5 places you absolutely must visit","category":"Sport and nature","point":{"lat":39.3071324,"lng":16.2474125},"url_cta":"How to get there","url":"https:\/\/www.google.com\/maps\/dir\/?api=1&destination=39.3071324,16.2474125","address":"Cosenza, Tropea, Scilla and other places","id":15139,"type":"itinerary","permalink":"https:\/\/calabriastraordinaria.it\/en\/itineraries\/first-time-in-calabria-5-places-you-absolutely-must-visit","cities":[{"code":43,"name":"Cosenza","province":"Cosenza","point":{"lat":39.27861214637134,"lng":16.27130734517473}},{"code":150,"name":"Corigliano-Rossano","province":"Cosenza","point":{"lat":39.60632413021115,"lng":16.55366677655636}},{"code":315,"name":"Scilla","province":"Reggio di Calabria","point":{"lat":38.231668996110464,"lng":15.780859569385301}},{"code":340,"name":"Isola di Capo Rizzuto","province":"Crotone","point":{"lat":38.95898454035825,"lng":17.08437321336776}},{"code":398,"name":"Tropea","province":"Vibo Valentia","point":{"lat":38.67175572025059,"lng":15.891819448960764}}],"permalink_cta":"Read more","image":{"id":9752,"type":"image","url":"https:\/\/calabriastraordinaria.it\/storage\/images\/9704\/VV-Tropea-23%5BLuca-Fregola%5D-.jpg","url_thumb":"https:\/\/calabriastraordinaria.it\/storage\/images\/9704\/conversions\/VV-Tropea-23%5BLuca-Fregola%5D--thumb.jpg","title":"Santuario di Santa Maria dell'Isola di Tropea","name":"VV-Tropea 23[Luca Fregola] ","caption":null,"description":"Santuario di Santa Maria dell'Isola, Tropea","copyright":"Santuario di Santa Maria dell'Isola, Tropea - Luca Fregola","width":4624,"height":2604,"license":"","license_url":""},"author":"","pub_date":"2026-09-01 13:01:52"},{"description":"From the Upper Tyrrhenian coast of Cosenza to the Lower Tyrrhenian coast of Reggio, Calabria\u2019s Tyrrhenian coastline is a succession of magical beaches, lapped by the sea of myth and recognised with nu(...)","slug":"the-most-beautiful-beaches-on-the-tyrrhenian-coast-of-calabria","subtitle":"Here are the top 5 beaches on the Tyrrhenian coast of Calabria that you shouldn\u2019t miss","title":"The most beautiful beaches on the Tyrrhenian coast of Calabria","category":"Sport and nature","point":{"lat":39.8549475,"lng":15.7921366},"url_cta":"How to get there","url":"https:\/\/www.google.com\/maps\/dir\/?api=1&destination=39.8549475,15.7921366","address":"San Nicola Arcella, Amantea, Zambrone and other places","id":39327,"type":"itinerary","permalink":"https:\/\/calabriastraordinaria.it\/en\/itineraries\/the-most-beautiful-beaches-on-the-tyrrhenian-coast-of-calabria","cities":[{"code":10,"name":"Amantea","province":"Cosenza","point":{"lat":39.102422101572294,"lng":16.094093899580056}},{"code":121,"name":"San Nicola Arcella","province":"Cosenza","point":{"lat":39.84887135131774,"lng":15.798019565371128}},{"code":287,"name":"Palmi","province":"Reggio di Calabria","point":{"lat":38.37843187986228,"lng":15.87331122447507}},{"code":384,"name":"Ricadi","province":"Vibo Valentia","point":{"lat":38.63618581149685,"lng":15.857547126441359}},{"code":403,"name":"Zambrone","province":"Vibo Valentia","point":{"lat":38.69279700888958,"lng":15.972001178687188}}],"permalink_cta":"Read more","image":{"id":6749,"type":"image","url":"https:\/\/calabriastraordinaria.it\/storage\/images\/6701\/vv-paradiso-del-sub-zambrone.jpg","url_thumb":"https:\/\/calabriastraordinaria.it\/storage\/images\/6701\/conversions\/vv-paradiso-del-sub-zambrone-thumb.jpg","title":"Paradiso del Sub, Zambrone","name":"vv-paradiso-del-sub-zambrone","caption":null,"description":"Spiaggia Paradiso del Sub, Zambrone","copyright":"Paradiso del Sub, Zambrone - Regione Calabria","width":1920,"height":1494,"license":"","license_url":""},"author":"","pub_date":"2026-05-20 14:47:19"},{"description":"Want to ensure you have a welcoming, inclusive holiday that is free from architectural barriers? Look for the Lilac Flag, which identifies destinations that are committed to promoting tourism that is(...)","slug":"lilac-flag-in-calabria-here-are-the-accessible-destinations","subtitle":"Calabrian municipalities for inclusive tourism","title":"Lilac Flag in Calabria: here are the accessible destinations","category":"Living slow","point":{"lat":39.3068125,"lng":17.0241875},"url_cta":"How to get there","url":"https:\/\/www.google.com\/maps\/dir\/?api=1&destination=39.3068125,17.0241875","address":"Melissa, Rocca Imperiale","id":35041,"type":"itinerary","permalink":"https:\/\/calabriastraordinaria.it\/en\/itineraries\/lilac-flag-in-calabria-here-are-the-accessible-destinations","cities":[{"code":100,"name":"Rocca Imperiale","province":"Cosenza","point":{"lat":40.09901039899274,"lng":16.580185387192547}},{"code":341,"name":"Melissa","province":"Crotone","point":{"lat":39.304575358052965,"lng":17.04428795322097}}],"permalink_cta":"Read more","image":{"id":6331,"type":"image","url":"https:\/\/calabriastraordinaria.it\/storage\/images\/6283\/foto-rocca-imperiale-5.jpg","url_thumb":"https:\/\/calabriastraordinaria.it\/storage\/images\/6283\/conversions\/foto-rocca-imperiale-5-thumb.jpg","title":"Rocca Imperiale","name":"foto rocca imperiale 5","caption":null,"description":"Rocca Imperiale mare","copyright":"Rocca Imperiale - Regione Calabria","width":2400,"height":1800,"license":"","license_url":""},"author":"","pub_date":"2026-01-05 08:33:34"},{"description":"Kissed by the sun, lapped by crystal-clear waters. Places that have fascinating stories to tell, that invite you to get lost in the scents of the alleyways, strolling around with your nose in the air,(...)","slug":"itinerary-among-the-seaside-villages-of-calabria","subtitle":"History, traditions and breathtaking views along the enchanting Calabrian coastline.","title":"Itinerary among the seaside villages of Calabria","category":"Sport and nature","point":{"lat":39.6777668,"lng":15.8212567},"url_cta":"How to get there","url":"https:\/\/www.google.com\/maps\/dir\/?api=1&destination=39.6777668,15.8212567","address":"Diamante, San Lucido, Pizzo and other places","id":18025,"type":"itinerary","permalink":"https:\/\/calabriastraordinaria.it\/en\/itineraries\/itinerary-among-the-seaside-villages-of-calabria","cities":[{"code":46,"name":"Diamante","province":"Cosenza","point":{"lat":39.70062897329782,"lng":15.82309394105055}},{"code":104,"name":"Roseto Capo Spulico","province":"Cosenza","point":{"lat":39.9973503953131,"lng":16.58276990871056}},{"code":118,"name":"San Lucido","province":"Cosenza","point":{"lat":39.30655566825926,"lng":16.08228232849689}},{"code":156,"name":"Badolato","province":"Catanzaro","point":{"lat":38.569541869597444,"lng":16.5104498285844}},{"code":315,"name":"Scilla","province":"Reggio di Calabria","point":{"lat":38.231668996110464,"lng":15.780859569385301}},{"code":340,"name":"Isola di Capo Rizzuto","province":"Crotone","point":{"lat":38.95898454035825,"lng":17.08437321336776}},{"code":381,"name":"Pizzo","province":"Vibo Valentia","point":{"lat":38.75583487160064,"lng":16.192805056908632}},{"code":398,"name":"Tropea","province":"Vibo Valentia","point":{"lat":38.67175572025059,"lng":15.891819448960764}}],"permalink_cta":"Read more","image":{"id":7970,"type":"image","url":"https:\/\/calabriastraordinaria.it\/storage\/images\/7922\/VV-Tropea-panorama-mare-3%5BTour-Calabria%5D.jpg","url_thumb":"https:\/\/calabriastraordinaria.it\/storage\/images\/7922\/conversions\/VV-Tropea-panorama-mare-3%5BTour-Calabria%5D-thumb.jpg","title":"Spiaggia della Rotonda, Tropea","name":"VV-Tropea-panorama mare 3[Tour Calabria]","caption":null,"description":"Spiaggia della Rotonda, Tropea","copyright":"Spiaggia della Rotonda, Tropea - Regione Calabria","width":2400,"height":1599,"license":"","license_url":""},"author":"","pub_date":"2025-12-19 11:29:18"},{"description":"Are you passionate about marine exploration, from snorkelling to speleology?We suggest a nature itinerary to discover the sea caves to visit in Calabria, along the Tyrrhenian coast between the Riviera(...)","slug":"sea-caves-to-be-visited-in-calabria","subtitle":"Itinerary for snorkelling enthusiasts, among Tyrrhenian sea caves","title":"Sea caves to be visited in Calabria","category":"Sport and nature","point":{"lat":39.8978983,"lng":15.7798561},"url_cta":"How to get there","url":"https:\/\/www.google.com\/maps\/dir\/?api=1&destination=39.8978983,15.7798561","address":"Praia a Mare, Cetraro, Tropea and other places","id":12768,"type":"itinerary","permalink":"https:\/\/calabriastraordinaria.it\/en\/itineraries\/sea-caves-to-be-visited-in-calabria","cities":[{"code":39,"name":"Cetraro","province":"Cosenza","point":{"lat":39.53701475847798,"lng":15.967655519738383}},{"code":98,"name":"Praia a Mare","province":"Cosenza","point":{"lat":39.89110913071714,"lng":15.802773669671605}},{"code":384,"name":"Ricadi","province":"Vibo Valentia","point":{"lat":38.63618581149685,"lng":15.857547126441359}},{"code":398,"name":"Tropea","province":"Vibo Valentia","point":{"lat":38.67175572025059,"lng":15.891819448960764}}],"permalink_cta":"Read more","image":{"id":13169,"type":"image","url":"https:\/\/calabriastraordinaria.it\/storage\/images\/13121\/VV-Ricadi-mare-grotta-stazzanese-%281%29.jpg","url_thumb":"https:\/\/calabriastraordinaria.it\/storage\/images\/13121\/conversions\/VV-Ricadi-mare-grotta-stazzanese-%281%29-thumb.jpg","title":"Grotta dello Stazzanese, Ricadi","name":"VV-Ricadi-mare grotta stazzanese (1)","caption":null,"description":"Grotta dello Stazzanese, Ricadi","copyright":"Grotta dello Stazzanese, Ricadi - Regione Calabria","width":4100,"height":2305,"license":"","license_url":""},"author":"","pub_date":"2025-12-17 09:27:40"}]},{"title":"Experiences","subTitle":"Live your holiday with authenticity","archiveURL":[{"title":"See more","url":"https:\/\/calabriastraordinaria.it\/en\/experiences","image":null,"target":"_self","children":[],"iconType":""}],"archiveText":"","type":"experiences","children":[{"description":"<p><strong>Boat tour<\/strong> departing <strong>from Tropea towards Capo Vaticano<\/strong>, discovering coves accessible only by sea. There will be three stops of 20 minutes each.<\/p><p>The first stop will be at the suggestive <strong>Grotta Azzurra<\/strong>, where, thanks to the snorkelling equipment provided on board (mask and snorkel), it will be possible to admire the crystal-clear seabed. The second stop will be at <strong>Forum Herculis<\/strong>, the remains of an ancient Roman port. Finally, the third stop will be at <strong>Capo Vaticano<\/strong>, with a panoramic passage along Praja di Fuoco and Grotticelle.<\/p><p>After a welcome drink on board, the return is scheduled at the port of Tropea, to the point of departure.<\/p><p>There are two time slots:<\/p><ul><li>Morning shift - departure at 9.30 a.m., return at 12.30 p.m.<\/li><li>Afternoon shift - departure at 2.30 p.m., return at 5.30 p.m.<\/li><\/ul>","subtitle":"A journey through caves, hidden coves and crystal-clear waters along the Costa degli Dei","title":"Tropea - Capo Vaticano Tour","category":["Natura"],"dates":"2026-04-30 - 2026-10-31","address":"Tropea","city":"Tropea","province":"102","fullAddress":"via marina vescovado, Tropea, 102","point":{"type":"Point","coordinates":[15.896307,38.677696]},"id":220,"type":"experiences","permalink":"https:\/\/calabriastraordinaria.it\/en\/experiences\/tropea-capo-vaticano-tour","slug":"en\/experiences\/tropea-capo-vaticano-tour","image":{"type":"image","url":"http:\/\/api-operatori.calabriastraordinaria.it\/images\/89c64d60-28e5-4c40-85be-065af7e5b7e0.jpeg","urlThumb":"","title":"WhatsApp Image 2025-02-07 at 09","name":null,"caption":null,"description":null,"copyright":null,"width":0,"height":0,"license":"","licenseUrl":null,"id":840},"author":"","pubDate":"Fri Feb 07 08:41:35 UTC 2025","prices":{"info":"<p>The price is per single participant.<\/p>","price":"40","price_from":"","price_to":"","is_free":false}},{"description":"<p>Exploring the <strong>Sila National Park<\/strong> does not only mean immersing oneself in its forests, lakes and trails, but also discovering the <strong>authentic flavours<\/strong> that make it unique.<\/p><p>This experience becomes a <strong>journey into the local places and cuisine<\/strong>, where <strong>gastronomic traditions<\/strong> are handed down with passion and skill. The culinary workshops, led by the expert hands of the locals, are veritable temples of taste, where fresh and genuine ingredients, closely linked to the territory, are emphasised. Traditional techniques are carefully revealed, resulting in dishes that tell the story and soul of the Sila.<\/p><p>At the end of each lesson, the most eagerly awaited part: the <strong>tasting<\/strong>. The prepared dishes are served in a convivial atmosphere, where the flavours of the local cuisine are interwoven with the laughter and stories of the guests, creating a unique and warm atmosphere.<\/p>","subtitle":"Discover and prepare typical and traditional dishes, sharing recipes and local secrets","title":"Traditional cooking workshop in Sila  ","category":["Enogastronomia"],"dates":"2025-11-03 - 2026-12-31","address":"Spezzano della Sila","city":"Spezzano della Sila","province":"78","fullAddress":", Spezzano della Sila, 78","point":{"type":"Point","coordinates":[16.443987,39.33916]},"id":225,"type":"experiences","permalink":"https:\/\/calabriastraordinaria.it\/en\/experiences\/traditional-cooking-workshop-in-sila","slug":"en\/experiences\/traditional-cooking-workshop-in-sila","image":{"type":"image","url":"http:\/\/api-operatori.calabriastraordinaria.it\/images\/f4d9efd3-c1e5-4ee7-bfdd-f61e98c98487.JPG","urlThumb":"","title":"mani_pasta_sila","name":null,"caption":null,"description":null,"copyright":null,"width":0,"height":0,"license":"","licenseUrl":null,"id":628},"author":"","pubDate":"Thu Mar 20 16:18:23 UTC 2025","prices":{"info":"<p>Included in the price:<\/p><ul><li>Traditional cooking lesson<\/li><li>Tasting of dishes prepared during the laboratory<\/li><\/ul>","price":"45","price_from":"","price_to":"","is_free":false}},{"description":"<p>Among the 600 km of <strong>paths in the Sila National Park<\/strong>, one crosses fragrant forests, ancient stones and environments that guard an extraordinary biodiversity. Every step offers unexpected encounters: black squirrels, crystal-clear stretches of water and forests of mysterious charm.<\/p><p><strong>Exploring Sila by trekking<\/strong> means immersing oneself in nature at a slow pace, breathing pure air and letting oneself be enveloped by the scents of the forest. Thanks to the different degrees of difficulty, the routes are suitable for both experienced hikers and beginners, always accompanied by specialised guides. &nbsp;<\/p>","subtitle":"A journey through nature amidst the centuries-old forests and biodiversity of the Sila plateau","title":"Guided trekking in Sila","category":["Natura","Sport"],"dates":"2025-11-03 - 2026-12-31","address":"Spezzano della Sila","city":"Spezzano della Sila","province":"78","fullAddress":", Spezzano della Sila, 78","point":{"type":"Point","coordinates":[16.443987,39.33916]},"id":259,"type":"experiences","permalink":"https:\/\/calabriastraordinaria.it\/en\/experiences\/guided-trekking-in-sila","slug":"en\/experiences\/guided-trekking-in-sila","image":{"type":"image","url":"http:\/\/api-operatori.calabriastraordinaria.it\/images\/730b7649-4c26-486c-bdb8-d60a8276e76f.JPG","urlThumb":"","title":"Trekking_05","name":null,"caption":null,"description":null,"copyright":null,"width":0,"height":0,"license":"","licenseUrl":null,"id":803},"author":"","pubDate":"Wed Mar 19 08:49:30 UTC 2025","prices":{"info":"<p>Included in the cost of the experience:<\/p><ul><li>Hiking guide service<\/li><li>Insurance<\/li><\/ul>","price":"20","price_from":"","price_to":"","is_free":false}},{"description":"<p><strong>Horseback riding<\/strong> is among the most popular eco-friendly experiences in <strong>Sila<\/strong>, a unique opportunity to explore the ancient paths of the <strong>National Park<\/strong>, once trodden by shepherds and brigands.<\/p><p>Accompanied by experienced instructors, you will ride through centuries-old larch and fir forests, enjoying an immersive and relaxing experience in close contact with nature. Breathing the pure air of the plateau and moving in harmony with the environment makes horseback riding not only a recreational activity, but also an opportunity to appreciate and respect Sila's natural heritage.<\/p><p>The expert guide enriches the route with stories and information, guaranteeing a safe and engaging experience. &nbsp; &nbsp; &nbsp; &nbsp; &nbsp;<\/p>","subtitle":"Discovering the ancient paths of the Sila National Park","title":"Horseback riding in Sila","category":["Natura","Divertimento"],"dates":"2025-11-03 - 2026-12-31","address":"Spezzano della Sila","city":"Spezzano della Sila","province":"78","fullAddress":", Spezzano della Sila, 78","point":{"type":"Point","coordinates":[16.621576682861427,39.30290794408457]},"id":260,"type":"experiences","permalink":"https:\/\/calabriastraordinaria.it\/en\/experiences\/horseback-riding-in-sila","slug":"en\/experiences\/horseback-riding-in-sila","image":{"type":"image","url":"http:\/\/api-operatori.calabriastraordinaria.it\/images\/5a2c94f8-5b01-4634-92c7-79bcc54c2ec4.jpg","urlThumb":"","title":"Escursione_a_cavallo_01","name":null,"caption":null,"description":null,"copyright":null,"width":0,"height":0,"license":"","licenseUrl":null,"id":804},"author":"","pubDate":"Wed Mar 19 08:57:15 UTC 2025","prices":{"info":"<p>Included in the cost of the experience:<\/p><ul><li>Hiking guide service<\/li><li>Insurance<\/li><\/ul>","price":"25","price_from":"","price_to":"","is_free":false}},{"description":"<p>Exploring the Sila National Park by e-bike is an immersive experience that allows you to experience nature in an active and engaging way. Thanks to guided routes suitable for both families and fans of the sport,<strong> e-bike excursions<\/strong> offer unique emotions in every season, with particularly evocative scenery in spring and summer, but also in the milder days of the rest of the year.<\/p><p>The use of pedal-assisted bikes makes even the most challenging stretches accessible, allowing everyone to pedal through forests, lakes and waterways, accompanied by expert guides. The routes are mainly on low-traffic asphalt roads, with stretches on dirt tracks, offering tailor-made experiences for those seeking a relaxing ride in nature as well as for those who want a more dynamic adventure.<\/p><p>An<strong> e-bike trip in Sila<\/strong> is an opportunity to discover extraordinary views and immerse oneself in the rich biodiversity of the plateau, enjoying a perfect balance of sport, nature and discovery. &nbsp; &nbsp; &nbsp;<\/p>","subtitle":"Routes suitable for everyone for an immersive experience of nature and adventure","title":"E-bike tour in Sila","category":["Cicloturismo"],"dates":"2025-11-03 - 2026-12-31","address":"Spezzano della Sila","city":"Spezzano della Sila","province":"78","fullAddress":", Spezzano della Sila, 78","point":{"type":"Point","coordinates":[16.621576682861427,39.30290794408457]},"id":262,"type":"experiences","permalink":"https:\/\/calabriastraordinaria.it\/en\/experiences\/e-bike-tour-in-sila","slug":"en\/experiences\/e-bike-tour-in-sila","image":{"type":"image","url":"http:\/\/api-operatori.calabriastraordinaria.it\/images\/3d234b45-0519-415b-bfe1-46b882cbf21c.JPG","urlThumb":"","title":"panoramica_lago_bici_sila","name":null,"caption":null,"description":null,"copyright":null,"width":0,"height":0,"license":"","licenseUrl":null,"id":814},"author":"","pubDate":"Wed Mar 19 10:05:34 UTC 2025","prices":{"info":"<p>Included in the cost of the experience:<\/p><ul><li>E-bike rental<\/li><li>Guide service<\/li><li>Insurance<\/li><\/ul>","price":"50","price_from":"","price_to":"","is_free":false}},{"description":"<p>In the heart of the ancient village of <strong>San Giovanni in Fiore<\/strong> stands the <strong>Florense Abbey<\/strong>, a medieval masterpiece founded in 1215 by Abbot Joachim of Fiore. The building, with its large cloister and a church modified over time, preserves a simple nave, an imposing apse and the crypt housing the founder's remains. Today, the Abbey houses the International <i>Centre for Gioachimite Studies<\/i> and the <i>Demological Museum of Silan Economy, Labour and Social History<\/i>.<\/p><p>Strolling through the surrounding mediaeval village, among craft workshops and shops selling typical products, you can end the experience with a tasting of <i>pitta \u2018mpigliata<\/i>, a traditional Silan sweet made with dried fruit, honey and spices wrapped in a thin layer of crunchy pastry. &nbsp;<\/p>","subtitle":"A journey through history, art, culture and Silan tradition","title":"Guided tour of the Florense Abbey and San Giovanni in Fiore","category":["Arte cultura"],"dates":"2025-11-03 - 2026-12-31","address":"San Giovanni in Fiore","city":"San Giovanni in Fiore","province":"78","fullAddress":"Via Monastero, 9, San Giovanni in Fiore, 78","point":{"type":"Point","coordinates":[16.700758,39.253255]},"id":312,"type":"experiences","permalink":"https:\/\/calabriastraordinaria.it\/en\/experiences\/guided-tour-of-the-florense-abbey-and-san-giovanni-in-fiore","slug":"en\/experiences\/guided-tour-of-the-florense-abbey-and-san-giovanni-in-fiore","image":{"type":"image","url":"http:\/\/api-operatori.calabriastraordinaria.it\/images\/b25639dd-b4fd-47f6-a989-fa5f150bdbd1.jpeg","urlThumb":"","title":"Abbazia_San_Giovanni_in_Fiore_Sila","name":null,"caption":null,"description":null,"copyright":null,"width":0,"height":0,"license":"","licenseUrl":null,"id":1029},"author":"","pubDate":"Thu Mar 20 11:19:49 UTC 2025","prices":{"info":"<p>Adults: \u20ac 16<br>Children: \u20ac 12<\/p><p>Included in the price:<\/p><ul><li>Guide service<\/li><li>Tasting of <i>pitta \u2018mpigliata<\/i><\/li><\/ul>","price":"16","price_from":"","price_to":"","is_free":false}}]},{"title":"Video","subTitle":"https:\/\/calabriastraordinaria.it\/en\/Discover Calabria with our videos","archiveURL":"https:\/\/www.youtube.com\/channel\/UCq-pw-Zs8qKid082U_weaUA","archiveText":"Go on youtube","type":"youtube","children":[{"video":"https:\/\/www.youtube.com\/embed\/NIsTs2KqLJA?feature=oembed","image":{"url":"https:\/\/i.ytimg.com\/vi\/NIsTs2KqLJA\/hqdefault.jpg"},"url":"https:\/\/www.youtube.com\/watch?v=NIsTs2KqLJA","title":"Lonely Planet | 48 ore in Calabria - Speciale Arte Contemporanea","type":"video"},{"video":"https:\/\/www.youtube.com\/embed\/2b_qJ4KiXvQ?feature=oembed","image":{"url":"https:\/\/i.ytimg.com\/vi\/2b_qJ4KiXvQ\/hqdefault.jpg"},"url":"https:\/\/www.youtube.com\/watch?v=2b_qJ4KiXvQ","title":"Lonely Planet | 48 ore in Calabria - Speciale Costa Ionica","type":"video"},{"video":"https:\/\/www.youtube.com\/embed\/YOfxBTGMeDk?feature=oembed","image":{"url":"https:\/\/i.ytimg.com\/vi\/YOfxBTGMeDk\/hqdefault.jpg"},"url":"https:\/\/www.youtube.com\/watch?v=YOfxBTGMeDk","title":"Lonely Planet | 48 ore in Calabria - Speciale Costa Tirrenica","type":"video"},{"video":"https:\/\/www.youtube.com\/embed\/xo6TOF9KqQY?feature=oembed","image":{"url":"https:\/\/i.ytimg.com\/vi\/xo6TOF9KqQY\/hqdefault.jpg"},"url":"https:\/\/www.youtube.com\/watch?v=xo6TOF9KqQY","title":"Lonely Planet | 48 ore in Calabria - Special Outdoor","type":"video"}]},{"title":"Instagram","subTitle":"<strong>Get inspired #calabriastraordinaria<\/strong>","archiveURL":"https:\/\/www.instagram.com\/calabriastraordinariaofficial","archiveText":"Follow us on Instagram","type":"instagram","children":[{"caption":"\ud83c\udf99\ufe0f Continua Calabria Straordinaria Live, il calendario settimanale degli eventi finanziati dal Dipartimento Turismo, Cultura e Identit\u00e0 Territoriale della Regione Calabria.\n\n\ud83d\udcc5 Dal 31 agosto al 6 settembre, una nuova settimana di appuntamenti tra musica, teatro, danza, arte urbana, tradizioni, gusto, borghi, cultura e comunit\u00e0:\n\n\ud83c\udfad Festival delle Serre\n\ud83d\udccd Cerisano | dall\u20191 al 5 settembre\n\n\ud83c\udff0 Lappano Natura, Gusto e Conoscenza\n\ud83d\udccd Lappano | 1, 5 e 11 settembre\n\n\ud83c\udfb5 Radio Eventi Generazioni 2026 \u2013 Good Health\n\ud83d\udccd Altomonte | 3 e 5 settembre\n\n\ud83c\udfad Epic Argh\u00eca\n\ud83d\udccd Bova \u2013 Locri | dal 3 al 13 settembre\n\n\ud83c\udfb6 Suoni di Terra e di Mare Festival\n\ud83d\udccd Bonifati | dal 3 settembre al 3 ottobre\n\n\ud83d\udc83 Festival della Danza e della Musica della Locride\n\ud83d\udccd Locri | dal 4 al 6 settembre\n\n\ud83e\ude97 XXI Festival dell\u2019Organetto\n\ud83d\udccd Lattarico | dal 4 al 6 settembre\n\n\ud83c\udf5d Festival della Magna Grecia \u2013 Food Fest\n\ud83d\udccd Terranova da Sibari | 5 e 6 settembre\n\n\ud83c\udff0 Settembre tra le Fiabe e i Sapori di Carlopoli\n\ud83d\udccd Carlopoli | 5 e 6 settembre\n\n\ud83c\udfa8 Gul\u00eca Urbana \u2013 Festival di Arte Urbana\n\ud83d\udccd Rogliano \u2013 Marzi | dall\u20191 al 6 settembre\n\n\ud83d\udccc Scorri il carosello e scopri gli eventi della settimana.\n\n\ud83d\udd17 Calendario completo e approfondimenti nel link in bio.\n\n#calabriastraordinaria #calabria #live @gulia_urbana @festivaldelleserre @comune_di_lappano @viviamoaltomonte @comune_di_bova @cittadilocri","type":"carousel_album","instagram_url":"https:\/\/www.instagram.com\/p\/DctPGNviETL\/","media":"https:\/\/scontent-mxp1-1.cdninstagram.com\/v\/t51.82787-15\/789959417_18618288058008662_8514143136500063703_n.jpg?stp=dst-jpg_e35_tt6&_nc_cat=106&ccb=7-5&_nc_sid=18de74&efg=eyJlZmdfdGFnIjoiQ0FST1VTRUxfSVRFTS5iZXN0X2ltYWdlX3VybGdlbi5DMyJ9&_nc_ohc=DZi5DeCJgrgQ7kNvwFPFw9H&_nc_oc=Adr927R730PeYLR-5mqKud9nQyCxFy-92jzeldFVOj7CmlQXyPWPr3yw3zTbLlVswJo&_nc_zt=23&_nc_ht=scontent-mxp1-1.cdninstagram.com&edm=ANo9K5cEAAAA&_nc_gid=kfWw_J4ibQ9SZfLUa2y-jA&_nc_tpa=Q5bMBQJzJBF8qJHDAfGah90wDoiIjcIt0wXx7R7g5ihcvaehj_zzhI2dZWeVaWj60Bs8pxJQ1_ithdYy&oh=00_AQLpsMQU2m_c2dDJ9drzhm-0x4iHI9QHFtDE4v8-Kr7Fmw&oe=6A9CFEC8","instagram_image":"https:\/\/scontent-mxp1-1.cdninstagram.com\/v\/t51.82787-15\/789959417_18618288058008662_8514143136500063703_n.jpg?stp=dst-jpg_e35_tt6&_nc_cat=106&ccb=7-5&_nc_sid=18de74&efg=eyJlZmdfdGFnIjoiQ0FST1VTRUxfSVRFTS5iZXN0X2ltYWdlX3VybGdlbi5DMyJ9&_nc_ohc=DZi5DeCJgrgQ7kNvwFPFw9H&_nc_oc=Adr927R730PeYLR-5mqKud9nQyCxFy-92jzeldFVOj7CmlQXyPWPr3yw3zTbLlVswJo&_nc_zt=23&_nc_ht=scontent-mxp1-1.cdninstagram.com&edm=ANo9K5cEAAAA&_nc_gid=kfWw_J4ibQ9SZfLUa2y-jA&_nc_tpa=Q5bMBQJzJBF8qJHDAfGah90wDoiIjcIt0wXx7R7g5ihcvaehj_zzhI2dZWeVaWj60Bs8pxJQ1_ithdYy&oh=00_AQLpsMQU2m_c2dDJ9drzhm-0x4iHI9QHFtDE4v8-Kr7Fmw&oe=6A9CFEC8"},{"caption":"\u2728 \ud835\udddf\ud835\uddee \ud835\ude00\ud835\ude01\ud835\uddfc\ud835\uddff\ud835\uddf6\ud835\uddee \ud835\uddf0\ud835\uddf5\ud835\uddf2 \ud835\ude03\ud835\uddf6\ud835\uddf2\ud835\uddfb\ud835\uddf2 \ud835\uddf1\ud835\uddee\ud835\uddf9 \ud835\uddfa\ud835\uddee\ud835\uddff\ud835\uddf2 \ud835\uddee\ud835\uddff\ud835\uddff\ud835\uddf6\ud835\ude03\ud835\uddee \ud835\uddee \ud835\uddd6\ud835\uddee\ud835\ude00\ud835\uddf6\ud835\uddf4\ud835\uddfb\ud835\uddee\ud835\uddfb\ud835\uddee.\n\n\ud83d\udccdQuesta sera 30 agosto, nella straordinaria cornice della Villa Romana di Casignana, \ud835\udde7\ud835\uddfc\ud835\ude00\ud835\uddf0\ud835\uddee sar\u00e0 protagonista del conversaconcerto \u201cLe feminae si fanno aspettare\u201d, in dialogo con Tony Canto. \ud83c\udfb6\n\nUn nuovo appuntamento di LUCE SUI PARCHI \u2013 La storia che viene dal mare, dove musica, archeologia e racconto contemporaneo si incontrano in uno dei luoghi pi\u00f9 affascinanti della Calabria romana.\n\n\ud83d\udccd \ud835\uddd6\ud835\uddee\ud835\ude00\ud835\uddf6\ud835\uddf4\ud835\uddfb\ud835\uddee\ud835\uddfb\ud835\uddee \u2013 \ud835\udde9\ud835\uddf6\ud835\uddf9\ud835\uddf9\ud835\uddee \ud835\udde5\ud835\uddfc\ud835\uddfa\ud835\uddee\ud835\uddfb\ud835\uddee\n\ud83d\udcc5 \ud835\udfef\ud835\udfec \ud835\uddee\ud835\uddf4\ud835\uddfc\ud835\ude00\ud835\ude01\ud835\uddfc\n\ud83d\udd58 \ud835\uddfc\ud835\uddff\ud835\uddf2 \ud835\udfee\ud835\udfed:\ud835\udfec\ud835\udfec\n\ud83c\udf9f\ufe0f \ud835\udddc\ud835\uddfb\ud835\uddf4\ud835\uddff\ud835\uddf2\ud835\ude00\ud835\ude00\ud835\uddfc \ud835\uddf4\ud835\uddff\ud835\uddee\ud835\ude01\ud835\ude02\ud835\uddf6\ud835\ude01\ud835\uddfc\n\n\ud83c\udfdb\ufe0f Prima dello spettacolo sar\u00e0 possibile vivere ancora pi\u00f9 da vicino la Villa Romana di Casignana con \ud835\ude03\ud835\uddf6\ud835\ude00\ud835\uddf6\ud835\ude01\ud835\uddf2 \ud835\uddf4\ud835\ude02\ud835\uddf6\ud835\uddf1\ud835\uddee\ud835\ude01\ud835\uddf2 \ud835\uddf2 \ud835\uddf1\ud835\uddf2\ud835\uddf4\ud835\ude02\ud835\ude00\ud835\ude01\ud835\uddee\ud835\ude07\ud835\uddf6\ud835\uddfc\ud835\uddfb\ud835\uddf6 \ud835\uddf4\ud835\uddff\ud835\uddee\ud835\ude01\ud835\ude02\ud835\uddf6\ud835\ude01\ud835\uddf2, a partire dalle ore 18:00.\n\n\ud83d\udcde Esclusivamente per la prenotazione delle visite guidate e degustazioni: 379 39 64 710\n\nUn\u2019esperienza tra mosaici, storia, sapori e musica, per far tornare il patrimonio a essere \ud835\uddfd\ud835\uddff\ud835\uddf2\ud835\ude00\ud835\uddf2\ud835\uddfb\ud835\ude07\ud835\uddee, \ud835\uddf2\ud835\uddfa\ud835\uddfc\ud835\ude07\ud835\uddf6\ud835\uddfc\ud835\uddfb\ud835\uddf2 \ud835\uddf2 \ud835\uddff\ud835\uddee\ud835\uddf0\ud835\uddf0\ud835\uddfc\ud835\uddfb\ud835\ude01\ud835\uddfc.\n\nPromosso dall\u2019Ente @parchimarinica e dal Dipartimento Turismo della Regione Calabria, con \ud835\uddd6\ud835\uddee\ud835\uddf9\ud835\uddee\ud835\uddef\ud835\uddff\ud835\uddf6\ud835\uddee \ud835\udde6\ud835\ude01\ud835\uddff\ud835\uddee\ud835\uddfc\ud835\uddff\ud835\uddf1\ud835\uddf6\ud835\uddfb\ud835\uddee\ud835\uddff\ud835\uddf6\ud835\uddee, in collaborazione con la @calabria_filmcommission e con il patrocinio del @ministeroturismo e della @reggiocalabriametrocity.\n\n#LuceSuiParchi #CalabriaStraordinaria\n@parcoarcheologicolocri @cittadilocri @galterrelocridee @comune_monasterace @cittadini_portigliola @villaromanadicasignana","type":"carousel_album","instagram_url":"https:\/\/www.instagram.com\/p\/Dcqoq5cjv9j\/","media":"https:\/\/scontent-mxp1-1.cdninstagram.com\/v\/t51.82787-15\/788073228_18617938516008662_3073514688446865367_n.jpg?stp=dst-jpg_e35_tt6&_nc_cat=108&ccb=7-5&_nc_sid=18de74&efg=eyJlZmdfdGFnIjoiQ0FST1VTRUxfSVRFTS5iZXN0X2ltYWdlX3VybGdlbi5DMyJ9&_nc_ohc=wcqPRyaAgmcQ7kNvwE_xTGa&_nc_oc=AdrT78SqoIdf8LYbb4ahN5m0QmLAPxwQA7hVmX0ruU-26H7uZBvFljlCuLIz_v2iKPc&_nc_zt=23&_nc_ht=scontent-mxp1-1.cdninstagram.com&edm=ANo9K5cEAAAA&_nc_gid=kfWw_J4ibQ9SZfLUa2y-jA&_nc_tpa=Q5bMBQJi21Xb3H4SlKO5p3I0Tdf3gVpdmf7Jq6zbbgaIbimXsKvcpDaav8fv0QJcvEfap6kM04q7gMZF&oh=00_AQIp5JBU92CRBwqfTLgB2LBGPg_uQZGTqhYel9XiY5EhgA&oe=6A9CDF57","instagram_image":"https:\/\/scontent-mxp1-1.cdninstagram.com\/v\/t51.82787-15\/788073228_18617938516008662_3073514688446865367_n.jpg?stp=dst-jpg_e35_tt6&_nc_cat=108&ccb=7-5&_nc_sid=18de74&efg=eyJlZmdfdGFnIjoiQ0FST1VTRUxfSVRFTS5iZXN0X2ltYWdlX3VybGdlbi5DMyJ9&_nc_ohc=wcqPRyaAgmcQ7kNvwE_xTGa&_nc_oc=AdrT78SqoIdf8LYbb4ahN5m0QmLAPxwQA7hVmX0ruU-26H7uZBvFljlCuLIz_v2iKPc&_nc_zt=23&_nc_ht=scontent-mxp1-1.cdninstagram.com&edm=ANo9K5cEAAAA&_nc_gid=kfWw_J4ibQ9SZfLUa2y-jA&_nc_tpa=Q5bMBQJi21Xb3H4SlKO5p3I0Tdf3gVpdmf7Jq6zbbgaIbimXsKvcpDaav8fv0QJcvEfap6kM04q7gMZF&oh=00_AQIp5JBU92CRBwqfTLgB2LBGPg_uQZGTqhYel9XiY5EhgA&oe=6A9CDF57"},{"caption":"\ud83c\udfb6 \ud835\uddda\ud835\uddff\ud835\uddee\ud835\uddfb\ud835\uddf1\ud835\uddf2 \ud835\ude00\ud835\ude02\ud835\uddf0\ud835\uddf0\ud835\uddf2\ud835\ude00\ud835\ude00\ud835\uddfc \ud835\uddee \ud835\udddf\ud835\uddfc\ud835\uddf0\ud835\uddff\ud835\uddf6 \ud835\uddfd\ud835\uddf2\ud835\uddff \ud835\uddd6\ud835\uddee\ud835\uddff\ud835\uddfa\ud835\uddf2\ud835\uddfb \ud835\uddd6\ud835\uddfc\ud835\uddfb\ud835\ude00\ud835\uddfc\ud835\uddf9\ud835\uddf6.\nLa Cantantessa ha conquistato l\u2019Arena Epizefiri con \u201cTra mito e follia\u201d, regalando al pubblico di LUCE SUI PARCHI \u2013 La storia che viene dal mare una serata intensa, tra musica, parole ed emozioni. \nAd arricchire lo spettacolo, anche \u201cTra mito e follia\u201d, il monologo di Francesca Ritrovato, in un dialogo tra linguaggi diversi capace di intrecciare musica, racconto e suggestioni.\n\nUna cornice carica di storia e un pubblico partecipe per un altro appuntamento che racconta la Locride attraverso \ud835\uddee\ud835\uddff\ud835\uddf0\ud835\uddf5\ud835\uddf2\ud835\uddfc\ud835\uddf9\ud835\uddfc\ud835\uddf4\ud835\uddf6\ud835\uddee, \ud835\uddf0\ud835\ude02\ud835\uddf9\ud835\ude01\ud835\ude02\ud835\uddff\ud835\uddee \ud835\uddf2 \ud835\uddf4\ud835\uddff\ud835\uddee\ud835\uddfb\ud835\uddf1\ud835\uddf6 \ud835\uddf2\ud835\ude03\ud835\uddf2\ud835\uddfb\ud835\ude01\ud835\uddf6.\n\n\ud83c\udfad \ud835\uddd8 \ud835\ude00\ud835\ude01\ud835\uddee\ud835\ude00\ud835\uddf2\ud835\uddff\ud835\uddee \ud835\uddf6\ud835\uddf9 \ud835\ude03\ud835\uddf6\ud835\uddee\ud835\uddf4\ud835\uddf4\ud835\uddf6\ud835\uddfc \ud835\uddf0\ud835\uddfc\ud835\uddfb\ud835\ude01\ud835\uddf6\ud835\uddfb\ud835\ude02\ud835\uddee \ud835\uddee \ud835\udde3\ud835\uddfc\ud835\uddff\ud835\ude01\ud835\uddf6\ud835\uddf4\ud835\uddf9\ud835\uddf6\ud835\uddfc\ud835\uddf9\ud835\uddee.\nNel suggestivo Teatro greco-romano, \ud835\udde6\ud835\uddf2\ud835\uddef\ud835\uddee\ud835\ude00\ud835\ude01\ud835\uddf6\ud835\uddee\ud835\uddfb\ud835\uddfc \ud835\udde6\ud835\uddfc\ud835\uddfa\ud835\uddfa\ud835\uddee sar\u00e0 protagonista della lettura scenica de \u201cIl vecchio e il mare\u201d di Ernest Hemingway, accompagnato al violoncello dal Maestro Liberato Santarpino e da Federica Sottile, con una scultura del Maestro Angelo Accardi.\n\n\ud83d\udccd \ud835\udde3\ud835\uddfc\ud835\uddff\ud835\ude01\ud835\uddf6\ud835\uddf4\ud835\uddf9\ud835\uddf6\ud835\uddfc\ud835\uddf9\ud835\uddee \u2013 \ud835\udde7\ud835\uddf2\ud835\uddee\ud835\ude01\ud835\uddff\ud835\uddfc \ud835\uddf4\ud835\uddff\ud835\uddf2\ud835\uddf0\ud835\uddfc-\ud835\uddff\ud835\uddfc\ud835\uddfa\ud835\uddee\ud835\uddfb\ud835\uddfc\u2028\ud83d\udcc5 \ud835\udfee\ud835\udff5 \ud835\uddee\ud835\uddf4\ud835\uddfc\ud835\ude00\ud835\ude01\ud835\uddfc | ore 21:00\u2028\ud83d\udeab \ud835\udde6\ud835\udde2\ud835\udddf\ud835\uddd7 \ud835\udde2\ud835\udde8\ud835\udde7\n\nLa storia continua a vivere, ogni sera in una forma diversa.\nPromosso dall\u2019Ente @parchimarinica e dal Dipartimento Turismo della Regione Calabria, con \ud835\uddd6\ud835\uddee\ud835\uddf9\ud835\uddee\ud835\uddef\ud835\uddff\ud835\uddf6\ud835\uddee \ud835\udde6\ud835\ude01\ud835\uddff\ud835\uddee\ud835\uddfc\ud835\uddff\ud835\uddf1\ud835\uddf6\ud835\uddfb\ud835\uddee\ud835\uddff\ud835\uddf6\ud835\uddee, in collaborazione con la @calabria_filmcommission e con il patrocinio del @ministeroturismo e della @reggiocalabriametrocity.\n#LuceSuiParchi #CalabriaStraordinaria\u2028@parcoarcheologicolocri @cittadilocri @galterrelocridee @carmenconsolimusic #carmenconsoli","type":"video","instagram_url":"https:\/\/www.instagram.com\/reel\/DcoKLEGyhNS\/","media":"https:\/\/scontent-mxp2-1.cdninstagram.com\/o1\/v\/t2\/f2\/m86\/AQP65wHsqTTiNgIk9WEZo-oniulCpT1xXwlz74fLX-u23ple-hPQg_nPE3jevDaisz-Y3UIR3XFBSAOMXTOh12nBgYA6aG4ssBZHrrg.mp4?_nc_cat=105&_nc_sid=5e9851&_nc_ht=scontent-mxp2-1.cdninstagram.com&_nc_ohc=0lATZAm179wQ7kNvwFfg7HI&efg=eyJ2ZW5jb2RlX3RhZyI6Inhwdl9wcm9ncmVzc2l2ZS5JTlNUQUdSQU0uQ0xJUFMuQzMuNzIwLmRhc2hfYmFzZWxpbmVfMV92MSIsInhwdl9hc3NldF9pZCI6MjA3ODQ3NjkyOTQzNzEyMCwiYXNzZXRfYWdlX2RheXMiOjMsInZpX3VzZWNhc2VfaWQiOjEwMDk5LCJkdXJhdGlvbl9zIjo0NywidXJsZ2VuX3NvdXJjZSI6Ind3dyJ9&ccb=17-1&vs=cff4bbc72c336664&_nc_vs=HBksFQIYUmlnX3hwdl9yZWVsc19wZXJtYW5lbnRfc3JfcHJvZC83QzQ4RTcyNjFDNUU2RUU5NzJERjM1M0M1RDRFOUVCQ192aWRlb19kYXNoaW5pdC5tcDQVAALIARIAFQIYUWlnX3hwdl9wbGFjZW1lbnRfcGVybWFuZW50X3YyLzkyNDc0NUY1MkJGQTBGQ0VDNDUzNkY2OTc5OEM1QUFFX2F1ZGlvX2Rhc2hpbml0Lm1wNBUCAsgBEgAoABgAGwKIB3VzZV9vaWwBMRJwcm9ncmVzc2l2ZV9yZWNpcGUBMRUAACaAt-zwo5exBxUCKAJDMywXQEeKn752yLQYEmRhc2hfYmFzZWxpbmVfMV92MREAdf4HZeadAQA&_nc_gid=kfWw_J4ibQ9SZfLUa2y-jA&edm=ANo9K5cEAAAA&_nc_zt=28&_nc_tpa=Q5bMBQKSI54ZuzyG2IqE33ODqfMmGUW84nb535y3LGDxikG0Znn-nkDwTQlIj3mlnilvR6goxbSBWEnJ&oh=00_AQL3MRqE8jztulOuhow8cXekivdJYGW8yc2nLO9xeGZRmg&oe=6A990AA6","instagram_image":"https:\/\/scontent-mxp2-1.cdninstagram.com\/v\/t51.82787-15\/789424809_18617590447008662_6772106923409921818_n.jpg?stp=dst-jpg_e35_tt6&_nc_cat=110&ccb=7-5&_nc_sid=18de74&efg=eyJlZmdfdGFnIjoiQ0xJUFMuYmVzdF9pbWFnZV91cmxnZW4uQzMifQ%3D%3D&_nc_ohc=o1SQayDmWKkQ7kNvwHtznFx&_nc_oc=AdpRbKtxW7QWtXilafAQHU52MbZr5-UV69hxhCa0hXVRFuqaSGO03SYiuzYZFM6bny8&_nc_zt=23&_nc_ht=scontent-mxp2-1.cdninstagram.com&edm=ANo9K5cEAAAA&_nc_gid=kfWw_J4ibQ9SZfLUa2y-jA&_nc_tpa=Q5bMBQJOZbtDsP3JL0sjO0MfUifQ-ujsxTGp3j-34L2p34UT14CMxRqG2jo7or-rywXU_qs06SYSpoI6&oh=00_AQKIldWDsAlm-rfVcfgxtPqIwBZLSHJeydDL2ZZbrHwbBA&oe=6A9CFB72"},{"caption":"\ud83d\uddfc \ud835\uddd6\u2019\ud835\uddf2\u0300 \ud835\ude02\ud835\uddfb \ud835\uddf9\ud835\ude02\ud835\uddfc\ud835\uddf4\ud835\uddfc \ud835\uddf6\ud835\uddfb \ud835\uddf0\ud835\ude02\ud835\uddf6 \ud835\ude02\ud835\uddfb\ud835\uddfc \ud835\uddf1\ud835\uddf2\ud835\uddf6 \ud835\ude00\ud835\uddf6\ud835\uddfa\ud835\uddef\ud835\uddfc\ud835\uddf9\ud835\uddf6 \ud835\uddfd\ud835\uddf6\ud835\ude02\u0300 \ud835\ude00\ud835\ude02\ud835\uddf4\ud835\uddf4\ud835\uddf2\ud835\ude00\ud835\ude01\ud835\uddf6\ud835\ude03\ud835\uddf6 \ud835\uddf2\u0300 \ud835\uddf3\ud835\uddf2\ud835\uddff\ud835\uddfa\ud835\uddfc \ud835\uddf1\ud835\uddee \ud835\ude00\ud835\uddf2\ud835\uddf0\ud835\uddfc\ud835\uddf9\ud835\uddf6 \ud835\uddee \ud835\uddf3\ud835\uddee\ud835\uddff\ud835\uddf2 \ud835\uddf1\ud835\uddee \ud835\uddf4\ud835\ude02\ud835\uddee\ud835\uddff\ud835\uddf1\ud835\uddf6\ud835\uddee\ud835\uddfb\ud835\uddfc \ud835\uddee\ud835\uddf9 \ud835\uddfa\ud835\uddee\ud835\uddff\ud835\uddf2.\n\n\ud83d\udccd Ci troviamo a \ud835\udde5\ud835\uddf6\ud835\uddf0\ud835\uddee\ud835\uddf1\ud835\uddf6, sulla \ud835\uddd6\ud835\uddfc\ud835\ude00\ud835\ude01\ud835\uddee \ud835\uddf1\ud835\uddf2\ud835\uddf4\ud835\uddf9\ud835\uddf6 \ud835\uddd7\ud835\uddf2\ud835\uddf6, dove si erge \ud835\udde7\ud835\uddfc\ud835\uddff\ud835\uddff\ud835\uddf2 \ud835\udde0\ud835\uddee\ud835\uddff\ud835\uddff\ud835\uddee\ud835\uddfb\ud835\uddee: un\u2019antica torre di avvistamento del Cinquecento che un tempo proteggeva la costa dalle incursioni saracene e oggi custodisce panorami che si aprono sul blu del Tirreno. \ud83c\udf0a\n\n\ud83c\udffa Attorno, un\u2019\ud835\uddee\ud835\uddff\ud835\uddf2\ud835\uddee \ud835\uddee\ud835\uddff\ud835\uddf0\ud835\uddf5\ud835\uddf2\ud835\uddfc\ud835\uddf9\ud835\uddfc\ud835\uddf4\ud835\uddf6\ud835\uddf0\ud835\uddee che racconta millenni di storia: tombe dell\u2019et\u00e0 del Bronzo, i resti di una fattoria greca e di un complesso romano, forse l\u2019antico \ud835\udde3\ud835\uddfc\ud835\uddff\ud835\ude01\ud835\ude02\ud835\ude00 \ud835\uddd8\ud835\uddff\ud835\uddf0\ud835\ude02\ud835\uddf9\ud835\uddf6\ud835\ude00 citato da Plinio e Strabone.\n\n\ud83c\udfd6\ufe0f E ai piedi del promontorio, le calette di \ud835\uddd6\ud835\uddee\ud835\uddfd\ud835\uddfc \ud835\udde9\ud835\uddee\ud835\ude01\ud835\uddf6\ud835\uddf0\ud835\uddee\ud835\uddfb\ud835\uddfc: dalla \ud835\udde6\ud835\uddfd\ud835\uddf6\ud835\uddee\ud835\uddf4\ud835\uddf4\ud835\uddf6\ud835\uddee \ud835\uddf1\ud835\uddf6 \ud835\uddda\ud835\uddff\ud835\uddfc\ud835\ude01\ud835\ude01\ud835\uddf6\ud835\uddf0\ud835\uddf2\ud835\uddf9\ud835\uddf9\ud835\uddf2 a \ud835\udde3\ud835\uddff\ud835\uddee\ud835\uddf6\ud835\uddee \ud835\uddf1\ud835\uddf6 \ud835\uddd9\ud835\ude02\ud835\uddfc\ud835\uddf0\ud835\uddfc, con tramonti incantevoli che abbracciano le Eolie e fondali da esplorare. \u2728\n\n\ud83d\udd17 \ud835\udde6\ud835\uddf0\ud835\uddfc\ud835\uddfd\ud835\uddff\ud835\uddf6 \ud835\uddf1\ud835\uddf6 \ud835\uddfd\ud835\uddf6\ud835\ude02\u0300 \ud835\uddee\ud835\uddf9 \ud835\udddf\ud835\uddf6\ud835\uddfb\ud835\uddf8 \ud835\uddf6\ud835\uddfb \ud835\uddef\ud835\uddf6\ud835\uddfc.\n\n#calabriastraordinaria #ricadi #costadeglidei #capovaticano #calabria","type":"carousel_album","instagram_url":"https:\/\/www.instagram.com\/p\/DcnvTz_CMeH\/","media":"https:\/\/scontent-mxp2-1.cdninstagram.com\/v\/t51.82787-15\/789707021_18617528326008662_8008068244511727856_n.jpg?stp=dst-jpg_e35_tt6&_nc_cat=101&ccb=7-5&_nc_sid=18de74&efg=eyJlZmdfdGFnIjoiQ0FST1VTRUxfSVRFTS5iZXN0X2ltYWdlX3VybGdlbi5DMyJ9&_nc_ohc=UffMKnLbNeUQ7kNvwErzsNW&_nc_oc=Adq-03uV0JAeC_rc-P5RnSquP8EefEJXr46EQsrN37YcvhYfr0rwzwmoGS7-pt3klSQ&_nc_zt=23&_nc_ht=scontent-mxp2-1.cdninstagram.com&edm=ANo9K5cEAAAA&_nc_gid=kfWw_J4ibQ9SZfLUa2y-jA&_nc_tpa=Q5bMBQJwRrh6ak5TAXkBlWej2qxmr1Qn3XIjzXJNV-FAl1fIpFo5MUEckzubhsJtQiIG32p9Z2tfB-M0&oh=00_AQL5uRQuajC6A0FfnmU0lLgHGkjfwvA8GniWz1BAP_X9Gw&oe=6A9D044D","instagram_image":"https:\/\/scontent-mxp2-1.cdninstagram.com\/v\/t51.82787-15\/789707021_18617528326008662_8008068244511727856_n.jpg?stp=dst-jpg_e35_tt6&_nc_cat=101&ccb=7-5&_nc_sid=18de74&efg=eyJlZmdfdGFnIjoiQ0FST1VTRUxfSVRFTS5iZXN0X2ltYWdlX3VybGdlbi5DMyJ9&_nc_ohc=UffMKnLbNeUQ7kNvwErzsNW&_nc_oc=Adq-03uV0JAeC_rc-P5RnSquP8EefEJXr46EQsrN37YcvhYfr0rwzwmoGS7-pt3klSQ&_nc_zt=23&_nc_ht=scontent-mxp2-1.cdninstagram.com&edm=ANo9K5cEAAAA&_nc_gid=kfWw_J4ibQ9SZfLUa2y-jA&_nc_tpa=Q5bMBQJwRrh6ak5TAXkBlWej2qxmr1Qn3XIjzXJNV-FAl1fIpFo5MUEckzubhsJtQiIG32p9Z2tfB-M0&oh=00_AQL5uRQuajC6A0FfnmU0lLgHGkjfwvA8GniWz1BAP_X9Gw&oe=6A9D044D"},{"caption":"\ud83c\udfbb \ud835\udddf\ud835\udde8\ud835\uddd6\ud835\uddd8 \ud835\udde6\ud835\udde8\ud835\udddc \ud835\udde3\ud835\uddd4\ud835\udde5\ud835\uddd6\ud835\udddb\ud835\udddc \ud835\ude01\ud835\uddfc\ud835\uddff\ud835\uddfb\ud835\uddee \ud835\uddee \ud835\udddf\ud835\uddfc\ud835\uddf0\ud835\uddff\ud835\uddf6 \ud835\uddf0\ud835\uddfc\ud835\uddfb \ud835\uddd6\ud835\uddee\ud835\uddff\ud835\uddfa\ud835\uddf2\ud835\uddfb \ud835\uddd6\ud835\uddfc\ud835\uddfb\ud835\ude00\ud835\uddfc\ud835\uddf9\ud835\uddf6.\n\nQuesta sera, 28 agosto, l\u2019\ud835\uddd4\ud835\uddff\ud835\uddf2\ud835\uddfb\ud835\uddee \ud835\uddd8\ud835\uddfd\ud835\uddf6\ud835\ude07\ud835\uddf2\ud835\uddf3\ud835\uddf6\ud835\uddff\ud835\uddf6 accoglie Carmen Consoli con \u201cTra mito e follia\u201d, con monologo di Francesca Ritrovato.\n\nUn nuovo appuntamento di LUCE SUI PARCHI \u2013 La storia che viene dal mare, dove musica, parola, archeologia e identit\u00e0 mediterranea tornano a incontrarsi nei luoghi della storia della Locride.\n\n\ud83d\udccd \ud835\udddf\ud835\uddfc\ud835\uddf0\ud835\uddff\ud835\uddf6 \u2013 \ud835\uddd4\ud835\uddff\ud835\uddf2\ud835\uddfb\ud835\uddee \ud835\uddd8\ud835\uddfd\ud835\uddf6\ud835\ude07\ud835\uddf2\ud835\uddf3\ud835\uddf6\ud835\uddff\ud835\uddf6\n\ud83d\udcc5 \ud835\udfee\ud835\udff4 \ud835\uddee\ud835\uddf4\ud835\uddfc\ud835\ude00\ud835\ude01\ud835\uddfc\n\ud83d\udd58 \ud835\uddfc\ud835\uddff\ud835\uddf2 \ud835\udfee\ud835\udfed:\ud835\udfec\ud835\udfec\n\n\ud83d\udeab \ud835\udde3\ud835\udde2\ud835\udde6\ud835\udde7\ud835\udddc \ud835\udde7\ud835\uddd8\ud835\udde5\ud835\udde0\ud835\udddc\ud835\udde1\ud835\uddd4\ud835\udde7\ud835\udddc\nTutti i posti disponibili per lo spettacolo sono esauriti.\n\n\ud83d\ude8c \ud835\udddc\ud835\uddf9 \ud835\ude00\ud835\uddf2\ud835\uddff\ud835\ude03\ud835\uddf6\ud835\ude07\ud835\uddf6\ud835\uddfc \ud835\uddfb\ud835\uddee\ud835\ude03\ud835\uddf2\ud835\ude01\ud835\ude01\ud835\uddee \ud835\ude00\ud835\uddee\ud835\uddff\ud835\uddee\u0300 \ud835\uddee\ud835\ude01\ud835\ude01\ud835\uddf6\ud835\ude03\ud835\uddfc \ud835\uddf1\ud835\uddee\ud835\uddf9\ud835\uddf9\ud835\uddf2 \ud835\uddfc\ud835\uddff\ud835\uddf2 \ud835\udfed\ud835\udff4:\ud835\udfef\ud835\udfec e potr\u00e0 essere utilizzato solo dai possessori di prenotazione.\n\n\u23f0 \ud835\uddd4\ud835\uddfd\ud835\uddf2\ud835\uddff\ud835\ude01\ud835\ude02\ud835\uddff\ud835\uddee \ud835\uddf0\ud835\uddee\ud835\uddfb\ud835\uddf0\ud835\uddf2\ud835\uddf9\ud835\uddf9\ud835\uddf6: \ud835\uddfc\ud835\uddff\ud835\uddf2 \ud835\udfed\ud835\udff5:\ud835\udfec\ud835\udfec.\n\n\u26d4 \ud835\udde6\ud835\uddf6 \ud835\ude00\ud835\uddf0\ud835\uddfc\ud835\uddfb\ud835\ude00\ud835\uddf6\ud835\uddf4\ud835\uddf9\ud835\uddf6\ud835\uddee \ud835\ude03\ud835\uddf6\ud835\ude03\ud835\uddee\ud835\uddfa\ud835\uddf2\ud835\uddfb\ud835\ude01\ud835\uddf2 \ud835\uddee \ud835\uddf0\ud835\uddf5\ud835\uddf6 \ud835\uddfb\ud835\uddfc\ud835\uddfb \ud835\uddf2\u0300 \ud835\uddf6\ud835\uddfb \ud835\uddfd\ud835\uddfc\ud835\ude00\ud835\ude00\ud835\uddf2\ud835\ude00\ud835\ude00\ud835\uddfc \ud835\uddf1\ud835\uddf6 \ud835\uddfd\ud835\uddff\ud835\uddf2\ud835\uddfb\ud835\uddfc\ud835\ude01\ud835\uddee\ud835\ude07\ud835\uddf6\ud835\uddfc\ud835\uddfb\ud835\uddf2 \ud835\uddf1\ud835\uddf6 \ud835\uddff\ud835\uddee\ud835\uddf4\ud835\uddf4\ud835\uddf6\ud835\ude02\ud835\uddfb\ud835\uddf4\ud835\uddf2\ud835\uddff\ud835\uddf2 \ud835\uddf9\u2019\ud835\uddd4\ud835\uddff\ud835\uddf2\ud835\uddfb\ud835\uddee \ud835\uddd8\ud835\uddfd\ud835\uddf6\ud835\ude07\ud835\uddf2\ud835\uddf3\ud835\uddf6\ud835\uddff\ud835\uddf6.\n\n\ud83c\udfdb\ufe0f La giornata di Luce sui Parchi continua anche attraverso la scoperta del patrimonio archeologico di Locri, con visite guidate e degustazioni gratuite al Museo e Parco Archeologico di Locri Epizefiri, dalle 18:00 alle 19:30.\n\n\ud83d\udcde Esclusivamente per la prenotazione delle visite guidate e delle degustazioni: 379 39 64 710\n\nUn\u2019esperienza che mette insieme \ud835\uddee\ud835\uddff\ud835\uddf0\ud835\uddf5\ud835\uddf2\ud835\uddfc\ud835\uddf9\ud835\uddfc\ud835\uddf4\ud835\uddf6\ud835\uddee, \ud835\uddf0\ud835\ude02\ud835\uddf9\ud835\ude01\ud835\ude02\ud835\uddff\ud835\uddee, \ud835\uddfa\ud835\ude02\ud835\ude00\ud835\uddf6\ud835\uddf0\ud835\uddee \ud835\uddf2 \ud835\ude01\ud835\uddf2\ud835\uddff\ud835\uddff\ud835\uddf6\ud835\ude01\ud835\uddfc\ud835\uddff\ud835\uddf6\ud835\uddfc, facendo del patrimonio un luogo vivo di incontro e racconto.\n\nPromosso dall\u2019Ente @parchimarinica e dal Dipartimento Turismo della Regione Calabria, con \ud835\uddd6\ud835\uddee\ud835\uddf9\ud835\uddee\ud835\uddef\ud835\uddff\ud835\uddf6\ud835\uddee \ud835\udde6\ud835\ude01\ud835\uddff\ud835\uddee\ud835\uddfc\ud835\uddff\ud835\uddf1\ud835\uddf6\ud835\uddfb\ud835\uddee\ud835\uddff\ud835\uddf6\ud835\uddee, in collaborazione con la @calabria_filmcommission e con il patrocinio del @ministeroturismo e della @reggiocalabriametrocity.\n\n#lucesuiparchi #CalabriaStraordinaria #locri #calabria \n@parcoarcheologicolocri @cittadilocri @galterrelocridee @carmenconsolimusic","type":"carousel_album","instagram_url":"https:\/\/www.instagram.com\/p\/DclZtxUiByW\/","media":"https:\/\/scontent-mxp1-1.cdninstagram.com\/v\/t51.82787-15\/789342450_18617219767008662_1934607859280041414_n.jpg?stp=dst-jpg_e35_tt6&_nc_cat=107&ccb=7-5&_nc_sid=18de74&efg=eyJlZmdfdGFnIjoiQ0FST1VTRUxfSVRFTS5iZXN0X2ltYWdlX3VybGdlbi5DMyJ9&_nc_ohc=UffatiRzsYsQ7kNvwHRU4dM&_nc_oc=Adrtw_aZlHdI88nG6FfWmOE8awYA3lTb-wP658McILyttECc-QGv67XQ9-nA_ZcBYjI&_nc_zt=23&_nc_ht=scontent-mxp1-1.cdninstagram.com&edm=ANo9K5cEAAAA&_nc_gid=kfWw_J4ibQ9SZfLUa2y-jA&_nc_tpa=Q5bMBQKQfyCcDtP_uRao9jS6pHG8TBsKhtZZFpvOK8VVEI6tsG01KQmyDWF0DWUN7WtfewwyeTOMTPuR&oh=00_AQIjPpR2A061vyRtzuSVQeJlgp6qYIMaopI0ALRYem6u7w&oe=6A9CD460","instagram_image":"https:\/\/scontent-mxp1-1.cdninstagram.com\/v\/t51.82787-15\/789342450_18617219767008662_1934607859280041414_n.jpg?stp=dst-jpg_e35_tt6&_nc_cat=107&ccb=7-5&_nc_sid=18de74&efg=eyJlZmdfdGFnIjoiQ0FST1VTRUxfSVRFTS5iZXN0X2ltYWdlX3VybGdlbi5DMyJ9&_nc_ohc=UffatiRzsYsQ7kNvwHRU4dM&_nc_oc=Adrtw_aZlHdI88nG6FfWmOE8awYA3lTb-wP658McILyttECc-QGv67XQ9-nA_ZcBYjI&_nc_zt=23&_nc_ht=scontent-mxp1-1.cdninstagram.com&edm=ANo9K5cEAAAA&_nc_gid=kfWw_J4ibQ9SZfLUa2y-jA&_nc_tpa=Q5bMBQKQfyCcDtP_uRao9jS6pHG8TBsKhtZZFpvOK8VVEI6tsG01KQmyDWF0DWUN7WtfewwyeTOMTPuR&oh=00_AQIjPpR2A061vyRtzuSVQeJlgp6qYIMaopI0ALRYem6u7w&oe=6A9CD460"},{"caption":"\ud835\uddd6\ud835\uddfc\ud835\uddfb\ud835\uddf1\ud835\uddfc\ud835\uddf3\ud835\ude02\ud835\uddff\ud835\uddf6 \ud835\uddf2 \ud835\uddda\ud835\uddee\ud835\uddf9\ud835\uddf9\ud835\uddf6\ud835\uddf0\ud835\uddf6\ud835\uddee\ud835\uddfb\ud835\uddfc\u0300, \ud835\uddf9\u2019\ud835\uddee\ud835\uddfb\ud835\uddf6\ud835\uddfa\ud835\uddee \ud835\uddf4\ud835\uddff\ud835\uddf2\ud835\uddf0\ud835\uddee\ud835\uddfb\ud835\uddf6\ud835\uddf0\ud835\uddee \ud835\uddf1\ud835\uddf2\ud835\uddf9\ud835\uddf9\ud835\uddee \ud835\uddd6\ud835\uddee\ud835\uddf9\ud835\uddee\ud835\uddef\ud835\uddff\ud835\uddf6\ud835\uddee. \ud83c\uddec\ud83c\uddf7\n \u2600\ufe0fIn questo angolo d\u2019Aspromonte il buongiorno si dice ancora \ud835\uddf8\ud835\uddee\ud835\uddf9\ud835\uddf6\ud835\uddfa\ud835\uddf2\u0300\ud835\uddff\ud835\uddee. \n\n\ud83d\udccd Benvenuti a \ud835\uddd6\ud835\uddfc\ud835\uddfb\ud835\uddf1\ud835\uddfc\ud835\uddf3\ud835\ude02\ud835\uddff\ud835\uddf6, in provincia di Reggio Calabria, nel cuore dell\u2019\ud835\uddd4\ud835\uddff\ud835\uddf2\ud835\uddee \ud835\uddda\ud835\uddff\ud835\uddf2\ud835\uddf0\ud835\uddee\ud835\uddfb\ud835\uddf6\ud835\uddf0\ud835\uddee. Tra la fiumara dell\u2019Amendolea e i costoni dell\u2019Aspromonte, Condofuri custodisce \ud835\uddda\ud835\uddee\ud835\uddf9\ud835\uddf9\ud835\uddf6\ud835\uddf0\ud835\uddf6\ud835\uddee\ud835\uddfb\ud835\uddfc\u0300, l\u2019unico borgo interamente ellenofono, dove il greco di Calabria viene tramandato alle nuove generazioni prima che scompaia.\n\ud83c\udf3f Ci si arriva per una strada di curve e strapiombi ma guidati dal profumo di bergamotto: dai ruderi del \ud835\uddd6\ud835\uddee\ud835\ude00\ud835\ude01\ud835\uddf2\ud835\uddf9\ud835\uddf9\ud835\uddfc \ud835\udde5\ud835\ude02\ud835\uddf3\ud835\uddf3\ud835\uddfc fino all\u2019\ud835\uddd4\ud835\uddf0\ud835\uddff\ud835\uddfc\ud835\uddfd\ud835\uddfc\ud835\uddf9\ud835\uddf6 \ud835\uddf1\ud835\uddf2\ud835\uddf9\ud835\uddf9\ud835\uddee \ud835\udde0\ud835\uddee\ud835\uddf4\ud835\uddfb\ud835\uddee \ud835\uddda\ud835\uddff\ud835\uddf2\ud835\uddf0\ud835\uddf6\ud835\uddee con la \ud835\uddd6\ud835\uddf5\ud835\uddf6\ud835\uddf2\ud835\ude00\ud835\uddee \ud835\udde2\ud835\uddff\ud835\ude01\ud835\uddfc\ud835\uddf1\ud835\uddfc\ud835\ude00\ud835\ude00\ud835\uddee \ud835\uddf1\ud835\uddf2\ud835\uddf9\ud835\uddf9\ud835\uddee \ud835\udde0\ud835\uddee\ud835\uddf1\ud835\uddfc\ud835\uddfb\ud835\uddfb\ud835\uddee \ud835\uddf1\ud835\uddf2\ud835\uddf6 \ud835\uddda\ud835\uddff\ud835\uddf2\ud835\uddf0\ud835\uddf6, il \ud835\udde0\ud835\ude02\ud835\ude00\ud835\uddf2\ud835\uddfc \ud835\uddd8\ud835\ude01\ud835\uddfb\ud835\uddfc\ud835\uddf4\ud835\uddff\ud835\uddee\ud835\uddf3\ud835\uddf6\ud835\uddf0\ud835\uddfc, la \ud835\uddd6\ud835\uddee\ud835\ude00\ud835\uddee \ud835\uddf1\ud835\uddf2\ud835\uddf9\ud835\uddf9\ud835\uddee \ud835\udde0\ud835\ude02\ud835\ude00\ud835\uddf6\ud835\uddf0\ud835\uddee e la \ud835\uddd9\ud835\uddfc\ud835\uddfb\ud835\ude01\ud835\uddee\ud835\uddfb\ud835\uddee \ud835\uddf1\ud835\uddf2\ud835\uddf9\ud835\uddf9\u2019\ud835\uddd4\ud835\uddfa\ud835\uddfc\ud835\uddff\ud835\uddf2. Poi di nuovo gi\u00f9 fino alla spiaggia selvaggia di \ud835\uddd6\ud835\uddfc\ud835\uddfb\ud835\uddf1\ud835\uddfc\ud835\uddf3\ud835\ude02\ud835\uddff\ud835\uddf6 \ud835\udde0\ud835\uddee\ud835\uddff\ud835\uddf6\ud835\uddfb\ud835\uddee. \ud83c\udf0a\n\n\ud83c\udfdb\ufe0f\ud83c\udfb6 \ud835\udde8\ud835\uddfb \ud835\ude03\ud835\uddf6\ud835\uddee\ud835\uddf4\ud835\uddf4\ud835\uddf6\ud835\uddfc \ud835\uddf3\ud835\ude02\ud835\uddfc\ud835\uddff\ud835\uddf6 \ud835\uddf1\ud835\uddee\ud835\uddf9 \ud835\ude01\ud835\uddf2\ud835\uddfa\ud835\uddfd\ud835\uddfc, dove la scoperta diventa incontro, ascolto e appartenenza.\n\n\u25b6\ufe0f \ud835\uddda\ud835\ude02\ud835\uddee\ud835\uddff\ud835\uddf1\ud835\uddee \ud835\uddf6\ud835\uddf9 \ud835\ude03\ud835\uddf6\ud835\uddf1\ud835\uddf2\ud835\uddfc \ud835\uddf6\ud835\uddfb\ud835\ude01\ud835\uddf2\ud835\uddf4\ud835\uddff\ud835\uddee\ud835\uddf9\ud835\uddf2 \ud835\ude00\ud835\ude02\ud835\uddf9 \ud835\uddf0\ud835\uddee\ud835\uddfb\ud835\uddee\ud835\uddf9\ud835\uddf2 \ud835\uddec\ud835\uddfc\ud835\ude02\ud835\udde7\ud835\ude02\ud835\uddef\ud835\uddf2 \ud835\uddf1\ud835\uddf6 \ud835\uddd6\ud835\uddee\ud835\uddf9\ud835\uddee\ud835\uddef\ud835\uddff\ud835\uddf6\ud835\uddee \ud835\udde6\ud835\ude01\ud835\uddff\ud835\uddee\ud835\uddfc\ud835\uddff\ud835\uddf1\ud835\uddf6\ud835\uddfb\ud835\uddee\ud835\uddff\ud835\uddf6\ud835\uddee: Link in Bio\n\n\ud83c\udfa5 Video realizzato da @eborghicom \n\n#calabriastraordinaria #calabria #condofuri #aspromonte #calabriafourseasons @comunedicondofuri @prolococondofuriaps","type":"video","instagram_url":"https:\/\/www.instagram.com\/reel\/DclKf63upLG\/","media":"https:\/\/scontent-mxp2-1.cdninstagram.com\/o1\/v\/t2\/f2\/m86\/AQN3Mc_qyNAwcLXB0_t0fyANn6FJGvjd7xv9gHQQMHv_qdBFUVXNa_mXAEJ2n7I-UUAePt8N1aXrLp79esjdzJP0iINtNoCnEC_eO8M.mp4?_nc_cat=111&_nc_sid=5e9851&_nc_ht=scontent-mxp2-1.cdninstagram.com&_nc_ohc=11mKSWCqhOsQ7kNvwG6sO6M&efg=eyJ2ZW5jb2RlX3RhZyI6Inhwdl9wcm9ncmVzc2l2ZS5JTlNUQUdSQU0uQ0xJUFMuQzMuNzIwLmRhc2hfYmFzZWxpbmVfMV92MSIsInhwdl9hc3NldF9pZCI6MTU4OTk1NjkxMjc1OTIxNCwiYXNzZXRfYWdlX2RheXMiOjQsInZpX3VzZWNhc2VfaWQiOjEwMDk5LCJkdXJhdGlvbl9zIjozOSwidXJsZ2VuX3NvdXJjZSI6Ind3dyJ9&ccb=17-1&vs=c3098df2bad15424&_nc_vs=HBksFQIYUmlnX3hwdl9yZWVsc19wZXJtYW5lbnRfc3JfcHJvZC83OTQ3MDYyOTdEMUY4RDlCQzc2MjY4MjZFODk1OTI5RF92aWRlb19kYXNoaW5pdC5tcDQVAALIARIAFQIYUWlnX3hwdl9wbGFjZW1lbnRfcGVybWFuZW50X3YyLzM5NDk3QTQzRUNGRjQyRjQ1ODkwQjdCOEEwRTRERDgwX2F1ZGlvX2Rhc2hpbml0Lm1wNBUCAsgBEgAoABgAGwKIB3VzZV9vaWwBMRJwcm9ncmVzc2l2ZV9yZWNpcGUBMRUAACbchvKP1oPTBRUCKAJDMywXQEO3bItDlYEYEmRhc2hfYmFzZWxpbmVfMV92MREAdf4HZeadAQA&_nc_gid=kfWw_J4ibQ9SZfLUa2y-jA&edm=ANo9K5cEAAAA&_nc_zt=28&_nc_tpa=Q5bMBQIYresVdHG3VsqS2py3JAYW9EXqSWHnIvrjha4U8llJ0scSKzBNxcOKJZpD6D9FZz-HIKOrESaj&oh=00_AQJfbQmK6g7trxKZh-GLRhDkZfSMUTUJxDBEZAuFpfDzzA&oe=6A98E9D8","instagram_image":"https:\/\/scontent-mxp1-1.cdninstagram.com\/v\/t51.82787-15\/783590048_18617190733008662_3208743276112231839_n.jpg?stp=dst-jpg_e35_tt6&_nc_cat=108&ccb=7-5&_nc_sid=18de74&efg=eyJlZmdfdGFnIjoiQ0xJUFMuYmVzdF9pbWFnZV91cmxnZW4uQzMifQ%3D%3D&_nc_ohc=5WsgDHFpzVwQ7kNvwEnJQBq&_nc_oc=AdqTnp34gBtjbZLN04RQzMCYxpCdcdq0_ej-DV8nFIQBdGnypKJFZ6FUD681V7Dwcic&_nc_zt=23&_nc_ht=scontent-mxp1-1.cdninstagram.com&edm=ANo9K5cEAAAA&_nc_gid=kfWw_J4ibQ9SZfLUa2y-jA&_nc_tpa=Q5bMBQI8-4T8KZUtKWO8gbc4I_d1BpaVGtGlbr3kMJnyP0lABwDecAkaWx8GjsXf7lPaIHX8jDp-YDaN&oh=00_AQIjm_yT0GFzWRGl4e0EVXTvkgi6FjLPeIeRqPyvIQqXaA&oe=6A9CDE3D"},{"caption":"\ud835\udddf\ud835\uddee \ud835\ude00\ud835\ude01\ud835\uddfc\ud835\uddff\ud835\uddf6\ud835\uddee \ud835\uddf0\ud835\uddf5\ud835\uddf2 \ud835\ude03\ud835\uddf6\ud835\uddf2\ud835\uddfb\ud835\uddf2 \ud835\uddf1\ud835\uddee\ud835\uddf9 \ud835\uddfa\ud835\uddee\ud835\uddff\ud835\uddf2 \ud835\uddee\ud835\uddff\ud835\uddff\ud835\uddf6\ud835\ude03\ud835\uddee \ud835\uddee \ud835\uddd6\ud835\uddee\ud835\ude00\ud835\uddf6\ud835\uddf4\ud835\uddfb\ud835\uddee\ud835\uddfb\ud835\uddee.\n\nIl 30 agosto, nella straordinaria cornice della Villa Romana di Casignana, \ud835\udde7\ud835\uddfc\ud835\ude00\ud835\uddf0\ud835\uddee sar\u00e0 protagonista del conversaconcerto \u201cLe feminae si fanno aspettare\u201d, in dialogo con Tony Canto. \ud83c\udfb6\n\nUn nuovo appuntamento di LUCE SUI PARCHI \u2013 La storia che viene dal mare, dove musica, archeologia e racconto contemporaneo si incontrano in uno dei luoghi pi\u00f9 affascinanti della Calabria romana.\n\n\ud83d\udccd \ud835\uddd6\ud835\uddee\ud835\ude00\ud835\uddf6\ud835\uddf4\ud835\uddfb\ud835\uddee\ud835\uddfb\ud835\uddee \u2013 \ud835\udde9\ud835\uddf6\ud835\uddf9\ud835\uddf9\ud835\uddee \ud835\udde5\ud835\uddfc\ud835\uddfa\ud835\uddee\ud835\uddfb\ud835\uddee\n\ud83d\udcc5 \ud835\udfef\ud835\udfec \ud835\uddee\ud835\uddf4\ud835\uddfc\ud835\ude00\ud835\ude01\ud835\uddfc\n\ud83d\udd58 \ud835\uddfc\ud835\uddff\ud835\uddf2 \ud835\udfee\ud835\udfed:\ud835\udfec\ud835\udfec\n\ud83c\udf9f\ufe0f \ud835\udddc\ud835\uddfb\ud835\uddf4\ud835\uddff\ud835\uddf2\ud835\ude00\ud835\ude00\ud835\uddfc \ud835\uddf4\ud835\uddff\ud835\uddee\ud835\ude01\ud835\ude02\ud835\uddf6\ud835\ude01\ud835\uddfc\n\n\ud83d\udc49 \ud835\udde6\ud835\uddfc\ud835\uddfb\ud835\uddfc \ud835\uddee\ud835\uddfd\ud835\uddf2\ud835\uddff\ud835\ude01\ud835\uddf2 \ud835\uddf9\ud835\uddf2 \ud835\uddfd\ud835\uddff\ud835\uddf2\ud835\uddfb\ud835\uddfc\ud835\ude01\ud835\uddee\ud835\ude07\ud835\uddf6\ud835\uddfc\ud835\uddfb\ud835\uddf6 \ud835\uddfd\ud835\uddf2\ud835\uddff \ud835\uddee\ud835\ude00\ud835\ude00\ud835\uddf6\ud835\ude00\ud835\ude01\ud835\uddf2\ud835\uddff\ud835\uddf2 \ud835\uddee\ud835\uddf9\ud835\uddf9\ud835\uddfc \ud835\ude00\ud835\uddfd\ud835\uddf2\ud835\ude01\ud835\ude01\ud835\uddee\ud835\uddf0\ud835\uddfc\ud835\uddf9\ud835\uddfc:\nhttps:\/\/www.boxofficediy.com\/tc-events\/tosca-conversaconcerto\/\n\n\ud83c\udfdb\ufe0f Prima dello spettacolo sar\u00e0 possibile vivere ancora pi\u00f9 da vicino la Villa Romana di Casignana con \ud835\ude03\ud835\uddf6\ud835\ude00\ud835\uddf6\ud835\ude01\ud835\uddf2 \ud835\uddf4\ud835\ude02\ud835\uddf6\ud835\uddf1\ud835\uddee\ud835\ude01\ud835\uddf2 \ud835\uddf2 \ud835\uddf1\ud835\uddf2\ud835\uddf4\ud835\ude02\ud835\ude00\ud835\ude01\ud835\uddee\ud835\ude07\ud835\uddf6\ud835\uddfc\ud835\uddfb\ud835\uddf6 \ud835\uddf4\ud835\uddff\ud835\uddee\ud835\ude01\ud835\ude02\ud835\uddf6\ud835\ude01\ud835\uddf2, a partire dalle ore 18:00.\n\n\ud83d\udcde Esclusivamente per la prenotazione delle visite guidate e degustazioni: 379 39 64 710\n\nUn\u2019esperienza tra mosaici, storia, sapori e musica, per far tornare il patrimonio a essere \ud835\uddfd\ud835\uddff\ud835\uddf2\ud835\ude00\ud835\uddf2\ud835\uddfb\ud835\ude07\ud835\uddee, \ud835\uddf2\ud835\uddfa\ud835\uddfc\ud835\ude07\ud835\uddf6\ud835\uddfc\ud835\uddfb\ud835\uddf2 \ud835\uddf2 \ud835\uddff\ud835\uddee\ud835\uddf0\ud835\uddf0\ud835\uddfc\ud835\uddfb\ud835\ude01\ud835\uddfc.\n\nPromosso dall\u2019Ente @parchimarinica e dal Dipartimento Turismo della Regione Calabria, con \ud835\uddd6\ud835\uddee\ud835\uddf9\ud835\uddee\ud835\uddef\ud835\uddff\ud835\uddf6\ud835\uddee \ud835\udde6\ud835\ude01\ud835\uddff\ud835\uddee\ud835\uddfc\ud835\uddff\ud835\uddf1\ud835\uddf6\ud835\uddfb\ud835\uddee\ud835\uddff\ud835\uddf6\ud835\uddee, in collaborazione con la @calabria_filmcommission e con il patrocinio del @ministeroturismo e della @reggiocalabriametrocity.\n\n#LuceSuiParchi #CalabriaStraordinaria\n@galterrelocridee  @villaromanadicasignana @toscadonati","type":"carousel_album","instagram_url":"https:\/\/www.instagram.com\/p\/DcjfRKhDqQd\/","media":"https:\/\/scontent-mxp1-1.cdninstagram.com\/v\/t51.82787-15\/788792814_18616989427008662_7662596871114295452_n.jpg?stp=dst-jpg_e35_tt6&_nc_cat=106&ccb=7-5&_nc_sid=18de74&efg=eyJlZmdfdGFnIjoiQ0FST1VTRUxfSVRFTS5iZXN0X2ltYWdlX3VybGdlbi5DMyJ9&_nc_ohc=8yjhYpcqXyoQ7kNvwFb_W7c&_nc_oc=AdolgIifWRS2MLDfdbMGlE7QqUnjf0x2sWgJmWfJYPcBWKozzO9qY6c3fLe-lPuqW_I&_nc_zt=23&_nc_ht=scontent-mxp1-1.cdninstagram.com&edm=ANo9K5cEAAAA&_nc_gid=kfWw_J4ibQ9SZfLUa2y-jA&_nc_tpa=Q5bMBQIbDW7jMKoaEP03LvodXpnPxOrHeIlVNqC9Tsjz_IjJI2EalF-j-1r0S0XeVop3pxxKogP5voU8&oh=00_AQJYYb7KSdbMaosiZFrn6w63kOQYP_8PBvCmCna94J-67Q&oe=6A9CDE53","instagram_image":"https:\/\/scontent-mxp1-1.cdninstagram.com\/v\/t51.82787-15\/788792814_18616989427008662_7662596871114295452_n.jpg?stp=dst-jpg_e35_tt6&_nc_cat=106&ccb=7-5&_nc_sid=18de74&efg=eyJlZmdfdGFnIjoiQ0FST1VTRUxfSVRFTS5iZXN0X2ltYWdlX3VybGdlbi5DMyJ9&_nc_ohc=8yjhYpcqXyoQ7kNvwFb_W7c&_nc_oc=AdolgIifWRS2MLDfdbMGlE7QqUnjf0x2sWgJmWfJYPcBWKozzO9qY6c3fLe-lPuqW_I&_nc_zt=23&_nc_ht=scontent-mxp1-1.cdninstagram.com&edm=ANo9K5cEAAAA&_nc_gid=kfWw_J4ibQ9SZfLUa2y-jA&_nc_tpa=Q5bMBQIbDW7jMKoaEP03LvodXpnPxOrHeIlVNqC9Tsjz_IjJI2EalF-j-1r0S0XeVop3pxxKogP5voU8&oh=00_AQJYYb7KSdbMaosiZFrn6w63kOQYP_8PBvCmCna94J-67Q&oe=6A9CDE53"},{"caption":"\ud83c\udfdb\ufe0f \ud835\udddf\ud835\udde8\ud835\uddd6\ud835\uddd8 \ud835\udde6\ud835\udde8\ud835\udddc \ud835\udde3\ud835\uddd4\ud835\udde5\ud835\uddd6\ud835\udddb\ud835\udddc \ud835\uddf3\ud835\uddee \ud835\ude01\ud835\uddee\ud835\uddfd\ud835\uddfd\ud835\uddee \ud835\uddee \ud835\udde0\ud835\uddfc\ud835\uddfb\ud835\uddee\ud835\ude00\ud835\ude01\ud835\uddf2\ud835\uddff\ud835\uddee\ud835\uddf0\ud835\uddf2, \ud835\uddfb\ud835\uddf2\ud835\uddf9 \ud835\uddf0\ud835\ude02\ud835\uddfc\ud835\uddff\ud835\uddf2 \ud835\uddf1\ud835\uddf2\ud835\uddf9\ud835\uddf9\u2019\ud835\uddee\ud835\uddfb\ud835\ude01\ud835\uddf6\ud835\uddf0\ud835\uddee \ud835\uddde\ud835\uddee\ud835\ude02\ud835\uddf9\ud835\uddfc\ud835\uddfb.\n\nIl 27 agosto il Museo e Parco Archeologico dell\u2019antica Kaulon diventa uno spazio da vivere attraverso \ud835\ude03\ud835\uddf6\ud835\ude00\ud835\uddf6\ud835\ude01\ud835\uddf2 \ud835\uddf4\ud835\ude02\ud835\uddf6\ud835\uddf1\ud835\uddee\ud835\ude01\ud835\uddf2, \ud835\uddf1\ud835\uddf2\ud835\uddf4\ud835\ude02\ud835\ude00\ud835\ude01\ud835\uddee\ud835\ude07\ud835\uddf6\ud835\uddfc\ud835\uddfb\ud835\uddf6 e musica. \ud83c\udf0a\n\nUn nuovo capitolo di LUCE SUI PARCHI \u2013 La storia che viene dal mare, per riscoprire uno dei luoghi simbolo della Magna Grecia e il suo legame millenario con il Mediterraneo.\n\n\ud83c\udfb6 Protagonista dell\u2019appuntamento sar\u00e0 \ud835\uddd9\ud835\uddee\ud835\uddef\ud835\uddf6\ud835\uddfc \ud835\udde0\ud835\uddee\ud835\uddf0\ud835\uddee\ud835\uddf4\ud835\uddfb\ud835\uddf6\ud835\uddfb\ud835\uddfc, con Movimento Terra & Orchestra del Conservatorio F. Cilea.\n\n\ud83d\udccd \ud835\udde0\ud835\uddfc\ud835\uddfb\ud835\uddee\ud835\ude00\ud835\ude01\ud835\uddf2\ud835\uddff\ud835\uddee\ud835\uddf0\ud835\uddf2 \u2013 \ud835\udde0\ud835\ude02\ud835\ude00\ud835\uddf2\ud835\uddfc \ud835\uddf2 \ud835\udde3\ud835\uddee\ud835\uddff\ud835\uddf0\ud835\uddfc \ud835\uddd4\ud835\uddff\ud835\uddf0\ud835\uddf5\ud835\uddf2\ud835\uddfc\ud835\uddf9\ud835\uddfc\ud835\uddf4\ud835\uddf6\ud835\uddf0\ud835\uddfc \ud835\uddf1\ud835\uddf2\ud835\uddf9\ud835\uddf9\u2019\ud835\uddee\ud835\uddfb\ud835\ude01\ud835\uddf6\ud835\uddf0\ud835\uddee \ud835\uddde\ud835\uddee\ud835\ude02\ud835\uddf9\ud835\uddfc\ud835\uddfb\n\ud83d\udcc5 \ud835\udfee\ud835\udff3 \ud835\uddee\ud835\uddf4\ud835\uddfc\ud835\ude00\ud835\ude01\ud835\uddfc\n\n\u2728 \ud835\udde9\ud835\udddc\ud835\udde6\ud835\udddc\ud835\udde7\ud835\uddd8 \ud835\uddda\ud835\udde8\ud835\udddc\ud835\uddd7\ud835\uddd4\ud835\udde7\ud835\uddd8 \ud835\uddd8 \ud835\uddd7\ud835\uddd8\ud835\uddda\ud835\udde8\ud835\udde6\ud835\udde7\ud835\uddd4\ud835\udded\ud835\udddc\ud835\udde2\ud835\udde1\ud835\udddc\ndalle 18:00 alle 19:30\n\ud83d\udcde Prenotazione visite: 379 39 64 710\n\n\ud83c\udfb6 \ud835\uddd9\ud835\uddd4\ud835\uddd5\ud835\udddc\ud835\udde2 \ud835\udde0\ud835\uddd4\ud835\uddd6\ud835\uddd4\ud835\uddda\ud835\udde1\ud835\udddc\ud835\udde1\ud835\udde2\ncon Movimento Terra & Orchestra del Conservatorio F. Cilea\n\n\ud83c\udf9f\ufe0f L\u2019evento \u00e8 Sold Out : tutti i posti disponibili sono esauriti \n\nUn\u2019esperienza che mette insieme \ud835\uddee\ud835\uddff\ud835\uddf0\ud835\uddf5\ud835\uddf2\ud835\uddfc\ud835\uddf9\ud835\uddfc\ud835\uddf4\ud835\uddf6\ud835\uddee, \ud835\uddfa\ud835\ude02\ud835\ude00\ud835\uddf6\ud835\uddf0\ud835\uddee, \ud835\ude00\ud835\uddee\ud835\uddfd\ud835\uddfc\ud835\uddff\ud835\uddf6 \ud835\uddf2 \ud835\uddf6\ud835\uddf1\ud835\uddf2\ud835\uddfb\ud835\ude01\ud835\uddf6\ud835\ude01\ud835\uddee\u0300, trasformando il patrimonio in un racconto contemporaneo del territorio.\n\nPromosso dall\u2019Ente @parchimarinica e dal Dipartimento Turismo della Regione Calabria, con \ud835\uddd6\ud835\uddee\ud835\uddf9\ud835\uddee\ud835\uddef\ud835\uddff\ud835\uddf6\ud835\uddee \ud835\udde6\ud835\ude01\ud835\uddff\ud835\uddee\ud835\uddfc\ud835\uddff\ud835\uddf1\ud835\uddf6\ud835\uddfb\ud835\uddee\ud835\uddff\ud835\uddf6\ud835\uddee, in collaborazione con la @calabria_filmcommission e con il patrocinio del @ministeroturismo e della @reggiocalabriametrocity.\n\n#LuceSuiParchi #CalabriaStraordinaria\n@parcoarcheologicolocri @galterrelocridee @comune_monasterace  @kaulonia.museoparco","type":"carousel_album","instagram_url":"https:\/\/www.instagram.com\/p\/Dcgvt82jtff\/","media":"https:\/\/scontent-mxp1-1.cdninstagram.com\/v\/t51.82787-15\/780393904_18616635352008662_5506147736001649536_n.jpg?stp=dst-jpg_e35_tt6&_nc_cat=103&ccb=7-5&_nc_sid=18de74&efg=eyJlZmdfdGFnIjoiQ0FST1VTRUxfSVRFTS5iZXN0X2ltYWdlX3VybGdlbi5DMyJ9&_nc_ohc=7vawybnCBNoQ7kNvwGyoZL_&_nc_oc=AdpZVFrWFg1NgevO-0Weme83XCKflC9pE6HpEL4T4asIdZECVVUCrMmNGiviw4QnhhM&_nc_zt=23&_nc_ht=scontent-mxp1-1.cdninstagram.com&edm=ANo9K5cEAAAA&_nc_gid=kfWw_J4ibQ9SZfLUa2y-jA&_nc_tpa=Q5bMBQIts8gN0xrwKbJqQpgFqe3ixMONPe_CeJNC7wIVMfMaE039ylSSOCxwHT0hvDpkM9hHuFBmFymw&oh=00_AQJdo67g6h65GfiEOccPQRZ8e9utmxb80d9GdChQwsUk9A&oe=6A9CDAC7","instagram_image":"https:\/\/scontent-mxp1-1.cdninstagram.com\/v\/t51.82787-15\/780393904_18616635352008662_5506147736001649536_n.jpg?stp=dst-jpg_e35_tt6&_nc_cat=103&ccb=7-5&_nc_sid=18de74&efg=eyJlZmdfdGFnIjoiQ0FST1VTRUxfSVRFTS5iZXN0X2ltYWdlX3VybGdlbi5DMyJ9&_nc_ohc=7vawybnCBNoQ7kNvwGyoZL_&_nc_oc=AdpZVFrWFg1NgevO-0Weme83XCKflC9pE6HpEL4T4asIdZECVVUCrMmNGiviw4QnhhM&_nc_zt=23&_nc_ht=scontent-mxp1-1.cdninstagram.com&edm=ANo9K5cEAAAA&_nc_gid=kfWw_J4ibQ9SZfLUa2y-jA&_nc_tpa=Q5bMBQIts8gN0xrwKbJqQpgFqe3ixMONPe_CeJNC7wIVMfMaE039ylSSOCxwHT0hvDpkM9hHuFBmFymw&oh=00_AQJdo67g6h65GfiEOccPQRZ8e9utmxb80d9GdChQwsUk9A&oe=6A9CDAC7"},{"caption":"\ud83c\udfa8 \ud835\uddd4\ud835\uddf9 \ud835\ude03\ud835\uddf6\ud835\uddee \ud835\uddf9\ud835\uddee \ud835\udff3\u00aa \ud835\uddf2\ud835\uddf1\ud835\uddf6\ud835\ude07\ud835\uddf6\ud835\uddfc\ud835\uddfb\ud835\uddf2 \ud835\uddf1\ud835\uddf6 \ud835\udddf\ud835\ude02\ud835\uddf0\ud835\uddf2\ud835\uddd9\ud835\uddf2\ud835\ude00\ud835\ude01! \u2728\n\nLa street art torna protagonista con sei nuovi murales e artisti di fama internazionale, tra cui Jorit. Colori, musica e creativit\u00e0 trasformano ancora una volta il territorio in una grande galleria d\u2019arte a cielo aperto. \ud83c\udfa8\ud83d\udd25\n\n\ud83d\udcc5 \ud835\udddc \ud835\uddfd\ud835\uddff\ud835\uddf6\ud835\uddfb\ud835\uddf0\ud835\uddf6\ud835\uddfd\ud835\uddee\ud835\uddf9\ud835\uddf6 \ud835\uddee\ud835\uddfd\ud835\uddfd\ud835\ude02\ud835\uddfb\ud835\ude01\ud835\uddee\ud835\uddfa\ud835\uddf2\ud835\uddfb\ud835\ude01\ud835\uddf6:\n\n\u2728 29 agosto \u2013 Accensione musicale delle luminarie e Carlo Napoli\n\ud83c\udfa4 5 settembre \u2013 Shade\n\ud83c\udfb6 7 settembre \u2013 Alborosie, in esclusiva regionale\n\ud83e\udea9 8 settembre \u2013 Nostalgia 90\n\n\ud83d\udc99 Arte, musica e spettacolo accendono l\u2019estate della #CalabriaStraordinaria.\n\n\ud83d\udd17 \ud835\udde6\ud835\uddf0\ud835\uddfc\ud835\uddfd\ud835\uddff\ud835\uddf6 \ud835\uddf1\ud835\uddf6 \ud835\uddfd\ud835\uddf6\u00f9 \ud835\uddee\ud835\uddf9 \ud835\udddf\ud835\uddf6\ud835\uddfb\ud835\uddf8 \ud835\uddf6\ud835\uddfb \ud835\uddef\ud835\uddf6\ud835\uddfc.\n\n@luce.fest \n\n#lucefest #streetart #calabriastraordinaria #calabriafourseasons @luce.fest","type":"video","instagram_url":"https:\/\/www.instagram.com\/reel\/Dcf70YNutXN\/","media":"https:\/\/scontent-mxp2-1.cdninstagram.com\/o1\/v\/t2\/f2\/m86\/AQPiMRa8FX0k2KtRatxnPcYXJZp6EvrxTEHSRSC3GMTAuFedkglAzNcA1oJwJZKHTAvYlYFMZm3dHU5Is8X8q7O-cJ2nOZXImE1fxTs.mp4?_nc_cat=100&_nc_sid=5e9851&_nc_ht=scontent-mxp2-1.cdninstagram.com&_nc_ohc=5sqQu1KSCBUQ7kNvwEGWMO-&efg=eyJ2ZW5jb2RlX3RhZyI6Inhwdl9wcm9ncmVzc2l2ZS5JTlNUQUdSQU0uQ0xJUFMuQzMuNzIwLmRhc2hfYmFzZWxpbmVfMV92MSIsInhwdl9hc3NldF9pZCI6MTYyMDQwMTEzMzAzNzAzNywiYXNzZXRfYWdlX2RheXMiOjYsInZpX3VzZWNhc2VfaWQiOjEwMDk5LCJkdXJhdGlvbl9zIjozOSwidXJsZ2VuX3NvdXJjZSI6Ind3dyJ9&ccb=17-1&vs=6d031ee0e1421618&_nc_vs=HBksFQIYUmlnX3hwdl9yZWVsc19wZXJtYW5lbnRfc3JfcHJvZC8yMjREMkIwNUY0QkI3OUMyNzgyRTdEQjMwRTgwRkY4QV92aWRlb19kYXNoaW5pdC5tcDQVAALIARIAFQIYUWlnX3hwdl9wbGFjZW1lbnRfcGVybWFuZW50X3YyLzVGNDNBMTc1MUE3Nzk2MEY5MzkxNUNBQjNCNDI5ODlDX2F1ZGlvX2Rhc2hpbml0Lm1wNBUCAsgBEgAoABgAGwKIB3VzZV9vaWwBMRJwcm9ncmVzc2l2ZV9yZWNpcGUBMRUAACbal-2e4e_gBRUCKAJDMywXQEOVP3ztkWgYEmRhc2hfYmFzZWxpbmVfMV92MREAdf4HZeadAQA&_nc_gid=kfWw_J4ibQ9SZfLUa2y-jA&edm=ANo9K5cEAAAA&_nc_zt=28&_nc_tpa=Q5bMBQJs6jmnC2cXRk9kN3ufe85YQx63zYiu5QKPjNzzssBuRoNmDML7wRBhXDNnOawQAa4QFbt_MZMG&oh=00_AQLPp1AIK9PUKwmPShWFlL3fhmt9pJ41nSuExymcDUSrUQ&oe=6A990095","instagram_image":"https:\/\/scontent-mxp2-1.cdninstagram.com\/v\/t51.82787-15\/783556066_18616532497008662_968105246262927535_n.jpg?stp=dst-jpg_e35_tt6&_nc_cat=101&ccb=7-5&_nc_sid=18de74&efg=eyJlZmdfdGFnIjoiQ0xJUFMuYmVzdF9pbWFnZV91cmxnZW4uQzMifQ%3D%3D&_nc_ohc=PsSj_h5SZUMQ7kNvwHT6q1-&_nc_oc=Adp7lVaHjsTc00sCbjtDrSvDEsLzin56dXVjUTUSiK60jifjoP7vmtbD5GnZPTN0KlI&_nc_zt=23&_nc_ht=scontent-mxp2-1.cdninstagram.com&edm=ANo9K5cEAAAA&_nc_gid=kfWw_J4ibQ9SZfLUa2y-jA&_nc_tpa=Q5bMBQIIHmIlXkwQcq9XgX9mHB2tRpTWz-z3-q4RB47oRcxpzhUlYL9pxnAA8atXhomgEiJVaZP5QzHa&oh=00_AQIxmlKYnZQpR4YDBu8QOR7Ll83Zusyl7rU18wHwvxOHfw&oe=6A9CF088"},{"caption":"\ud83d\udea8 \ud835\uddd4\ud835\udde9\ud835\udde9\ud835\udddc\ud835\udde6\ud835\udde2 \ud835\udddc\ud835\udde0\ud835\udde3\ud835\udde2\ud835\udde5\ud835\udde7\ud835\uddd4\ud835\udde1\ud835\udde7\ud835\uddd8\n\n\ud83c\udf9f\ufe0f L\u2019\ud835\uddf2\ud835\ude03\ud835\uddf2\ud835\uddfb\ud835\ude01\ud835\uddfc \ud835\uddf2\u0300 \ud835\udde6\ud835\udde2\ud835\udddf\ud835\uddd7 \ud835\udde2\ud835\udde8\ud835\udde7: \ud835\ude01\ud835\ude02\ud835\ude01\ud835\ude01\ud835\uddf6 \ud835\uddf6 \ud835\uddfd\ud835\uddfc\ud835\ude00\ud835\ude01\ud835\uddf6 \ud835\uddf1\ud835\uddf6\ud835\ude00\ud835\uddfd\ud835\uddfc\ud835\uddfb\ud835\uddf6\ud835\uddef\ud835\uddf6\ud835\uddf9\ud835\uddf6 \ud835\ude00\ud835\uddfc\ud835\uddfb\ud835\uddfc \ud835\uddf2\ud835\ude00\ud835\uddee\ud835\ude02\ud835\uddff\ud835\uddf6\ud835\ude01\ud835\uddf6.\n\nL\u2019accesso all\u2019\ud835\uddd4\ud835\uddff\ud835\uddf2\ud835\uddfb\ud835\uddee \ud835\uddd8\ud835\uddfd\ud835\uddf6\ud835\ude07\ud835\uddf2\ud835\uddf3\ud835\uddf6\ud835\uddff\ud835\uddf6 sar\u00e0 consentito \ud835\uddf2\ud835\ude00\ud835\uddf0\ud835\uddf9\ud835\ude02\ud835\ude00\ud835\uddf6\ud835\ude03\ud835\uddee\ud835\uddfa\ud835\uddf2\ud835\uddfb\ud835\ude01\ud835\uddf2 \ud835\uddee \ud835\uddf0\ud835\uddf5\ud835\uddf6 \ud835\uddf2\u0300 \ud835\uddf6\ud835\uddfb \ud835\uddfd\ud835\uddfc\ud835\ude00\ud835\ude00\ud835\uddf2\ud835\ude00\ud835\ude00\ud835\uddfc \ud835\uddf1\ud835\uddf6 \ud835\uddfd\ud835\uddff\ud835\uddf2\ud835\uddfb\ud835\uddfc\ud835\ude01\ud835\uddee\ud835\ude07\ud835\uddf6\ud835\uddfc\ud835\uddfb\ud835\uddf2.\n\n\ud83d\ude8c \ud835\udddc\ud835\uddf9 \ud835\ude00\ud835\uddf2\ud835\uddff\ud835\ude03\ud835\uddf6\ud835\ude07\ud835\uddf6\ud835\uddfc \ud835\uddfb\ud835\uddee\ud835\ude03\ud835\uddf2\ud835\ude01\ud835\ude01\ud835\uddee \ud835\ude00\ud835\uddee\ud835\uddff\ud835\uddee\u0300 \ud835\uddee\ud835\ude01\ud835\ude01\ud835\uddf6\ud835\ude03\ud835\uddfc \ud835\uddf1\ud835\uddee\ud835\uddf9\ud835\uddf9\ud835\uddf2 \ud835\uddfc\ud835\uddff\ud835\uddf2 \ud835\udfed\ud835\udff4:\ud835\udfef\ud835\udfec e potr\u00e0 essere utilizzato \ud835\ude00\ud835\uddfc\ud835\uddf9\ud835\uddfc \ud835\uddf1\ud835\uddee\ud835\uddf6 \ud835\uddfd\ud835\uddfc\ud835\ude00\ud835\ude00\ud835\uddf2\ud835\ude00\ud835\ude00\ud835\uddfc\ud835\uddff\ud835\uddf6 \ud835\uddf1\ud835\uddf6 \ud835\uddfd\ud835\uddff\ud835\uddf2\ud835\uddfb\ud835\uddfc\ud835\ude01\ud835\uddee\ud835\ude07\ud835\uddf6\ud835\uddfc\ud835\uddfb\ud835\uddf2.\n\n\u26d4 \ud835\udde6\ud835\uddf6 \ud835\ude00\ud835\uddf0\ud835\uddfc\ud835\uddfb\ud835\ude00\ud835\uddf6\ud835\uddf4\ud835\uddf9\ud835\uddf6\ud835\uddee \ud835\ude03\ud835\uddf6\ud835\ude03\ud835\uddee\ud835\uddfa\ud835\uddf2\ud835\uddfb\ud835\ude01\ud835\uddf2 \ud835\uddee \ud835\uddf0\ud835\uddf5\ud835\uddf6 \ud835\uddfb\ud835\uddfc\ud835\uddfb \ud835\uddf2\u0300 \ud835\uddf6\ud835\uddfb \ud835\uddfd\ud835\uddfc\ud835\ude00\ud835\ude00\ud835\uddf2\ud835\ude00\ud835\ude00\ud835\uddfc \ud835\uddf1\ud835\uddf6 \ud835\uddfd\ud835\uddff\ud835\uddf2\ud835\uddfb\ud835\uddfc\ud835\ude01\ud835\uddee\ud835\ude07\ud835\uddf6\ud835\uddfc\ud835\uddfb\ud835\uddf2 \ud835\uddf1\ud835\uddf6 \ud835\uddff\ud835\uddee\ud835\uddf4\ud835\uddf4\ud835\uddf6\ud835\ude02\ud835\uddfb\ud835\uddf4\ud835\uddf2\ud835\uddff\ud835\uddf2 \ud835\uddf9\u2019\ud835\uddd4\ud835\uddff\ud835\uddf2\ud835\uddfb\ud835\uddee \ud835\uddd8\ud835\uddfd\ud835\uddf6\ud835\ude07\ud835\uddf2\ud835\uddf3\ud835\uddf6\ud835\uddff\ud835\uddf6.\n\n\ud83c\udfa4 \ud835\udddf\ud835\udde8\ud835\uddd6\ud835\uddd8 \ud835\udde6\ud835\udde8\ud835\udddc \ud835\udde3\ud835\uddd4\ud835\udde5\ud835\uddd6\ud835\udddb\ud835\udddc continua a Locri con una delle voci pi\u00f9 iconiche della musica italiana: \ud835\udddf\ud835\uddfc\ud835\uddff\ud835\uddf2\ud835\uddf1\ud835\uddee\ud835\uddfb\ud835\uddee \ud835\uddd5\ud835\uddf2\ud835\uddff\ud835\ude01\ud835\uddf2\u0300, protagonista di \u201cAncora Ribelle \u2013 Summer Tour 2026\u201d.\n\nUn nuovo grande appuntamento di LUCE SUI PARCHI \u2013 La storia che viene dal mare, il progetto che mette in relazione \ud835\uddee\ud835\uddff\ud835\uddf0\ud835\uddf5\ud835\uddf2\ud835\uddfc\ud835\uddf9\ud835\uddfc\ud835\uddf4\ud835\uddf6\ud835\uddee, \ud835\uddf0\ud835\ude02\ud835\uddf9\ud835\ude01\ud835\ude02\ud835\uddff\ud835\uddee, \ud835\ude00\ud835\uddfd\ud835\uddf2\ud835\ude01\ud835\ude01\ud835\uddee\ud835\uddf0\ud835\uddfc\ud835\uddf9\ud835\uddfc \ud835\uddf2 \ud835\ude01\ud835\uddf2\ud835\uddff\ud835\uddff\ud835\uddf6\ud835\ude01\ud835\uddfc\ud835\uddff\ud835\uddf6\ud835\uddfc, trasformando i luoghi della storia della Locride in spazi vivi di esperienza e condivisione.\n\n\ud83d\udccd \ud835\udddf\ud835\uddfc\ud835\uddf0\ud835\uddff\ud835\uddf6 \u2013 \ud835\uddd4\ud835\uddff\ud835\uddf2\ud835\uddfb\ud835\uddee \ud835\uddd8\ud835\uddfd\ud835\uddf6\ud835\ude07\ud835\uddf2\ud835\uddf3\ud835\uddf6\ud835\uddff\ud835\uddf6\n\ud83d\udcc5 \ud835\udfee\ud835\udff2 \ud835\uddee\ud835\uddf4\ud835\uddfc\ud835\ude00\ud835\ude01\ud835\uddfc\n\ud83d\udd58 \ud835\uddfc\ud835\uddff\ud835\uddf2 \ud835\udfee\ud835\udfed:\ud835\udfec\ud835\udfec\nApertura cancelli ore 19:00\nPromosso dall\u2019Ente @parchimarinica e dal Dipartimento Turismo della Regione Calabria, con \ud835\uddd6\ud835\uddee\ud835\uddf9\ud835\uddee\ud835\uddef\ud835\uddff\ud835\uddf6\ud835\uddee \ud835\udde6\ud835\ude01\ud835\uddff\ud835\uddee\ud835\uddfc\ud835\uddff\ud835\uddf1\ud835\uddf6\ud835\uddfb\ud835\uddee\ud835\uddff\ud835\uddf6\ud835\uddee, in collaborazione con la @calabria_filmcommission e con il patrocinio del @ministeroturismo e della @reggiocalabriametrocity.\n\n#lucesuiparchi #calabria #calabriastraordinaria #locri","type":"video","instagram_url":"https:\/\/www.instagram.com\/reel\/Dcea4VFuQ6S\/","media":"https:\/\/scontent-mxp2-1.cdninstagram.com\/o1\/v\/t2\/f2\/m86\/AQM0iR_K911dNwbeM8Y8QBwsU0oZw9SZbpMt63HoCqaC3qfBZ5AnDSlSX4O9e__vuzuvNenz8q_aaj76KOLBiWeiH6GltfTXUR2H-8o.mp4?_nc_cat=109&_nc_sid=5e9851&_nc_ht=scontent-mxp2-1.cdninstagram.com&_nc_ohc=RRjExXyCrlwQ7kNvwEqwvnf&efg=eyJ2ZW5jb2RlX3RhZyI6Inhwdl9wcm9ncmVzc2l2ZS5JTlNUQUdSQU0uQ0xJUFMuQzMuNzIwLmRhc2hfYmFzZWxpbmVfMV92MSIsInhwdl9hc3NldF9pZCI6MTA4NzAyMTc3Mzk4MTY3NCwiYXNzZXRfYWdlX2RheXMiOjYsInZpX3VzZWNhc2VfaWQiOjEwMDk5LCJkdXJhdGlvbl9zIjoyNywidXJsZ2VuX3NvdXJjZSI6Ind3dyJ9&ccb=17-1&vs=e1df836e6fe49c0d&_nc_vs=HBksFQIYUmlnX3hwdl9yZWVsc19wZXJtYW5lbnRfc3JfcHJvZC8wRjQyNEZCMzZDQzZFQzNCRkJCODNENzg5RDcwMUM4N192aWRlb19kYXNoaW5pdC5tcDQVAALIARIAFQIYUWlnX3hwdl9wbGFjZW1lbnRfcGVybWFuZW50X3YyLzc1NDAzMjg2OTM5RUJDNzE0RjBEMTlEODRGMzkzMkJFX2F1ZGlvX2Rhc2hpbml0Lm1wNBUCAsgBEgAoABgAGwKIB3VzZV9vaWwBMRJwcm9ncmVzc2l2ZV9yZWNpcGUBMRUAACbUn5yr_6juAxUCKAJDMywXQDuzMzMzMzMYEmRhc2hfYmFzZWxpbmVfMV92MREAdf4HZeadAQA&_nc_gid=kfWw_J4ibQ9SZfLUa2y-jA&edm=ANo9K5cEAAAA&_nc_zt=28&_nc_tpa=Q5bMBQKsUJojSq6E4jWSjdSq52FDKJ1R1CG5qrChWsVjF1W7BEeRb_jfcwHMxKTXvVa7UcMkfd0avuYW&oh=00_AQJw5wnetcaU1YkxbZWLBHnlncuorHFjOooMgW_ecOMNsg&oe=6A99023A","instagram_image":"https:\/\/scontent-mxp2-1.cdninstagram.com\/v\/t51.82787-15\/780127572_18616360798008662_2503161857899986635_n.jpg?stp=dst-jpg_e35_tt6&_nc_cat=105&ccb=7-5&_nc_sid=18de74&efg=eyJlZmdfdGFnIjoiQ0xJUFMuYmVzdF9pbWFnZV91cmxnZW4uQzMifQ%3D%3D&_nc_ohc=GaVtpyGAZC8Q7kNvwE7VZPV&_nc_oc=Adrk4YfCiywbM-6Y499M0Rnp50L765hvrSViG6CUaUp1v5A9hBKgIs4-Aq9tYB5tV2s&_nc_zt=23&_nc_ht=scontent-mxp2-1.cdninstagram.com&edm=ANo9K5cEAAAA&_nc_gid=kfWw_J4ibQ9SZfLUa2y-jA&_nc_tpa=Q5bMBQK44z4ake3GoiFHFFnPglI5Oo4n_DVZ1_ZegvLK-ubJ0B-Kd6BejCFcBiGyCBxV1IO7FVii-f_d&oh=00_AQIIJ0kK5KOjs_kpBEwDpdUNWZ9hTNVcA8pDZU2_bsXzKg&oe=6A9CFBA3"},{"caption":"\ud83d\udd25 Rai Isoradio racconta l\u2019energia del Jova Summer Party in Calabria.\n\nUna Catanzaro travolgente, tra musica, volti e tutta l\u2019energia di Jovanotti. \u26a1\n\nUna notte con l\u2019estate addosso, tutta da rivivere.\nCalabria Straordinaria. Tutta un\u2019altra energia.\n\n\ud83c\udfa5 Video dal profilo di @lorenzojova , rilanciato da @isoradio.rai","type":"video","instagram_url":"https:\/\/www.instagram.com\/reel\/DceBr5XI7g5\/","media":"https:\/\/scontent-mxp1-1.cdninstagram.com\/o1\/v\/t2\/f2\/m86\/AQMqEc-oPsOqaUAFlIG7tz1DNhKmHQB4AgzpbCIBsTbvNIxoYuLTfjJJhTnPD8o_LPqWHcHXkiz6_oE9E8yVM_IyPlOsfpkManSlUPo.mp4?_nc_cat=107&_nc_sid=5e9851&_nc_ht=scontent-mxp1-1.cdninstagram.com&_nc_ohc=CO9wMXJS8IcQ7kNvwHo486O&efg=eyJ2ZW5jb2RlX3RhZyI6Inhwdl9wcm9ncmVzc2l2ZS5JTlNUQUdSQU0uQ0xJUFMuQzMuNzIwLmRhc2hfYmFzZWxpbmVfMV92MSIsInhwdl9hc3NldF9pZCI6MTA1MjcwNTk4NzQ5NzQxNiwiYXNzZXRfYWdlX2RheXMiOjcsInZpX3VzZWNhc2VfaWQiOjEwMDk5LCJkdXJhdGlvbl9zIjo2MywidXJsZ2VuX3NvdXJjZSI6Ind3dyJ9&ccb=17-1&vs=e643def4d0d717f0&_nc_vs=HBksFQIYUmlnX3hwdl9yZWVsc19wZXJtYW5lbnRfc3JfcHJvZC84NzQwMjIxNTgyNTg1MDI4ODIyREE4NkE0MDgxNEQ5QV92aWRlb19kYXNoaW5pdC5tcDQVAALIARIAFQIYUWlnX3hwdl9wbGFjZW1lbnRfcGVybWFuZW50X3YyL0IyNEQ0MDNCRkI0RUQ4REQzNkZCQzY5N0ZDMDkzOEEyX2F1ZGlvX2Rhc2hpbml0Lm1wNBUCAsgBEgAoABgAGwKIB3VzZV9vaWwBMRJwcm9ncmVzc2l2ZV9yZWNpcGUBMRUAACaQt4DnxtveAxUCKAJDMywXQE_iDEm6XjUYEmRhc2hfYmFzZWxpbmVfMV92MREAdf4HZeadAQA&_nc_gid=kfWw_J4ibQ9SZfLUa2y-jA&edm=ANo9K5cEAAAA&_nc_zt=28&_nc_tpa=Q5bMBQIcBggQa0SheEU0hUy8rFtynS3KIPadQZ5gnLDdBz6qo3hll06Tv5veRuAFvRByk_sy6s3MdQMF&oh=00_AQJxp3qRP_88g2yEcsRf282gMzVNSw8BSAJGZERUEqMUmA&oe=6A9904E0","instagram_image":"https:\/\/scontent-mxp1-1.cdninstagram.com\/v\/t51.82787-15\/780187355_18616323925008662_1360439971496812135_n.jpg?stp=dst-jpg_e35_tt6&_nc_cat=102&ccb=7-5&_nc_sid=18de74&efg=eyJlZmdfdGFnIjoiQ0xJUFMuYmVzdF9pbWFnZV91cmxnZW4uQzMifQ%3D%3D&_nc_ohc=HpKg68juBIQQ7kNvwFFCY5i&_nc_oc=AdraBqXtO3UjbZd4qlYClz02T2oLd32U9UYeKtcqsJSo1xtTCn6W9xm687Ifexkx_h8&_nc_zt=23&_nc_ht=scontent-mxp1-1.cdninstagram.com&edm=ANo9K5cEAAAA&_nc_gid=kfWw_J4ibQ9SZfLUa2y-jA&_nc_tpa=Q5bMBQLTSHxANr5u6P0s1LoDxWFYfm_XOS5pgf8qOo1jRBM48TPu5n3dnKosux-7bzebxPlanaqtl9UP&oh=00_AQKRRmMByfUBNn7eNYQui-4UsM6SPcC-r0hqf52evE0iOw&oe=6A9CDEB3"},{"caption":"\ud83c\udff0 \ud835\udddc\ud835\uddfa\ud835\uddfa\ud835\uddee\ud835\uddf4\ud835\uddf6\ud835\uddfb\ud835\uddee \ud835\uddf1\ud835\uddf6 \ud835\uddfd\ud835\uddee\ud835\ude00\ud835\ude00\ud835\uddf2\ud835\uddf4\ud835\uddf4\ud835\uddf6\ud835\uddee\ud835\uddff\ud835\uddf2 \ud835\ude01\ud835\uddff\ud835\uddee \ud835\uddf6 \ud835\ude03\ud835\uddf6\ud835\uddf0\ud835\uddfc\ud835\uddf9\ud835\uddf6 \ud835\uddf1\ud835\uddf6 \ud835\ude02\ud835\uddfb \ud835\uddef\ud835\uddfc\ud835\uddff\ud835\uddf4\ud835\uddfc \ud835\uddee\ud835\uddf3\ud835\uddf3\ud835\uddee\ud835\uddf0\ud835\uddf0\ud835\uddf6\ud835\uddee\ud835\ude01\ud835\uddfc \ud835\ude00\ud835\ude02\ud835\uddf9\ud835\uddf9\ud835\uddfc \ud835\udddc\ud835\uddfc\ud835\uddfb\ud835\uddf6\ud835\uddfc, mentre dall\u2019alto un castello si erge maestoso, a evocare storie di principi e corsari.\n\nSiamo a \ud835\udde5\ud835\uddfc\ud835\uddf0\ud835\uddf0\ud835\uddf2\ud835\uddf9\ud835\uddf9\ud835\uddee \ud835\udddc\ud835\uddfc\ud835\uddfb\ud835\uddf6\ud835\uddf0\ud835\uddee, lungo la \ud835\uddd6\ud835\uddfc\ud835\ude00\ud835\ude01\ud835\uddee \ud835\uddf1\ud835\uddf2\ud835\uddf6 \ud835\uddda\ud835\uddf2\ud835\uddf9\ud835\ude00\ud835\uddfc\ud835\uddfa\ud835\uddf6\ud835\uddfb\ud835\uddf6: qui il \ud835\uddd6\ud835\uddee\ud835\ude00\ud835\ude01\ud835\uddf2\ud835\uddf9\ud835\uddf9\ud835\uddfc \ud835\uddd6\ud835\uddee\ud835\uddff\ud835\uddee\ud835\uddf3\ud835\uddee svetta sulla collina ed \u00e8 visibile da ogni angolo del paese. Fondato in epoca normanna, nel 1553 resistette persino agli assalti del temibile corsaro Dragut Pasci\u00e0 e ancora oggi custodisce, tra le sue mura, un suggestivo cortile a forma di stella e la barocca \ud835\uddd6\ud835\uddf5\ud835\uddf6\ud835\uddf2\ud835\ude00\ud835\uddee \ud835\uddf1\ud835\uddf6 \ud835\udde6\ud835\uddee\ud835\uddfb \ud835\udde1\ud835\uddf6\ud835\uddf0\ud835\uddfc\ud835\uddf9\ud835\uddee \ud835\uddf1\ud835\uddf6 \ud835\uddd5\ud835\uddee\ud835\uddff\ud835\uddf6. \ud83c\udf0a\n\n\ud83c\udfdb\ufe0f Scendendo verso il mare, il centro storico invita a perdersi tra palazzi gentilizi e l\u2019ex \ud835\uddd6\ud835\uddfc\ud835\uddfb\ud835\ude03\ud835\uddf2\ud835\uddfb\ud835\ude01\ud835\uddfc \ud835\uddf1\ud835\uddf2\ud835\uddf6 \ud835\udde0\ud835\uddf6\ud835\uddfb\ud835\uddf6\ud835\uddfa\ud835\uddf6, gioiello cinquecentesco nel cuore del paese, fino a raggiungere una spiaggia premiata con \ud835\uddd5\ud835\uddee\ud835\uddfb\ud835\uddf1\ud835\uddf6\ud835\uddf2\ud835\uddff\ud835\uddee \ud835\uddd5\ud835\uddf9\ud835\ude02 \ud835\uddf2 \ud835\uddd5\ud835\uddee\ud835\uddfb\ud835\uddf1\ud835\uddf6\ud835\uddf2\ud835\uddff\ud835\uddee \ud835\udde9\ud835\uddf2\ud835\uddff\ud835\uddf1\ud835\uddf2, tra lidi attrezzati e un porticciolo turistico tra i pi\u00f9 frequentati della costa.\n\n\ud83c\udfb6 E quando cala il sole, la musica accende le sere d\u2019estate: dal celebre \ud835\udde5\ud835\uddfc\ud835\uddf0\ud835\uddf0\ud835\uddf2\ud835\uddf9\ud835\uddf9\ud835\uddee \ud835\udddd\ud835\uddee\ud835\ude07\ud835\ude07 \ud835\uddd9\ud835\uddf2\ud835\ude00\ud835\ude01\ud835\uddf6\ud835\ude03\ud835\uddee\ud835\uddf9 \u201c\ud835\udde5\ud835\ude02\ud835\uddfa\ud835\uddfc\ud835\uddff\ud835\uddf6 \ud835\udde0\ud835\uddf2\ud835\uddf1\ud835\uddf6\ud835\ude01\ud835\uddf2\ud835\uddff\ud835\uddff\ud835\uddee\ud835\uddfb\ud835\uddf2\ud835\uddf6\u201d, tra i pi\u00f9 longevi del Sud, al \ud835\udde5\ud835\uddfc\ud835\uddf0\ud835\uddf0\ud835\uddf2\ud835\uddf9\ud835\uddf9\ud835\uddee \ud835\udde6\ud835\ude02\ud835\uddfa\ud835\uddfa\ud835\uddf2\ud835\uddff \ud835\uddd9\ud835\uddf2\ud835\ude00\ud835\ude01\ud835\uddf6\ud835\ude03\ud835\uddee\ud835\uddf9, che porta i grandi artisti del momento in concerto sulla spiaggia. \u2728\ud83c\udfb5\n\n\ud83d\udc99 \ud835\udddf\ud835\uddee\ud835\ude00\ud835\uddf0\ud835\uddf6\ud835\uddee\ud835\ude01\ud835\uddf6 \ud835\uddf0\ud835\uddfc\ud835\uddfb\ud835\uddfe\ud835\ude02\ud835\uddf6\ud835\ude00\ud835\ude01\ud835\uddee\ud835\uddff\ud835\uddf2 \ud835\uddf1\ud835\uddee \ud835\ude00\ud835\ude01\ud835\uddfc\ud835\uddff\ud835\uddf6\ud835\uddee, \ud835\uddfa\ud835\uddee\ud835\uddff\ud835\uddf2 \ud835\uddf2 \ud835\uddfb\ud835\uddfc\ud835\ude01\ud835\uddf2 \ud835\ude00\ud835\uddfc\ud835\ude01\ud835\ude01\ud835\uddfc \ud835\uddf9\ud835\uddf2 \ud835\ude00\ud835\ude01\ud835\uddf2\ud835\uddf9\ud835\uddf9\ud835\uddf2.\n\ud83d\udd17 \ud835\udde6\ud835\uddf0\ud835\uddfc\ud835\uddfd\ud835\uddff\ud835\uddf6 di pi\u00f9 al \ud835\udddf\ud835\uddf6\ud835\uddfb\ud835\uddf8 \ud835\uddf6\ud835\uddfb \ud835\uddef\ud835\uddf6\ud835\uddfc.\n#CalabriaStraordinaria #roccellajonica #roccellajazz #calabria @roccellajazzofficial @comunediroccellajonica @visitroccella","type":"carousel_album","instagram_url":"https:\/\/www.instagram.com\/p\/DcdS2wtDjsH\/","media":"https:\/\/scontent-mxp2-1.cdninstagram.com\/v\/t51.82787-15\/779180133_18616203769008662_6385278120042926346_n.jpg?stp=dst-jpg_e35_tt6&_nc_cat=101&ccb=7-5&_nc_sid=18de74&efg=eyJlZmdfdGFnIjoiQ0FST1VTRUxfSVRFTS5iZXN0X2ltYWdlX3VybGdlbi5DMyJ9&_nc_ohc=ZepqF5Z_7YYQ7kNvwEvjgyp&_nc_oc=AdpspuCKGxwOb1NdOZXINbkhg4Xu7XhS3MQCCHRJYvnnE76-S99E2h78l46wMSlUNtA&_nc_zt=23&_nc_ht=scontent-mxp2-1.cdninstagram.com&edm=ANo9K5cEAAAA&_nc_gid=kfWw_J4ibQ9SZfLUa2y-jA&_nc_tpa=Q5bMBQKOhw3Cd_5RAD-RJJTxWZuMzuPoTh_NjmhQ-7MNdxWKdK2uAOvxoBqBfaUIsZ4Soa8jL6yuYpZf&oh=00_AQJXft4LGI2B1Na5C6Fcln1mddZiWkhyVc1KW_2sc9AA5A&oe=6A9CEBD8","instagram_image":"https:\/\/scontent-mxp2-1.cdninstagram.com\/v\/t51.82787-15\/779180133_18616203769008662_6385278120042926346_n.jpg?stp=dst-jpg_e35_tt6&_nc_cat=101&ccb=7-5&_nc_sid=18de74&efg=eyJlZmdfdGFnIjoiQ0FST1VTRUxfSVRFTS5iZXN0X2ltYWdlX3VybGdlbi5DMyJ9&_nc_ohc=ZepqF5Z_7YYQ7kNvwEvjgyp&_nc_oc=AdpspuCKGxwOb1NdOZXINbkhg4Xu7XhS3MQCCHRJYvnnE76-S99E2h78l46wMSlUNtA&_nc_zt=23&_nc_ht=scontent-mxp2-1.cdninstagram.com&edm=ANo9K5cEAAAA&_nc_gid=kfWw_J4ibQ9SZfLUa2y-jA&_nc_tpa=Q5bMBQKOhw3Cd_5RAD-RJJTxWZuMzuPoTh_NjmhQ-7MNdxWKdK2uAOvxoBqBfaUIsZ4Soa8jL6yuYpZf&oh=00_AQJXft4LGI2B1Na5C6Fcln1mddZiWkhyVc1KW_2sc9AA5A&oe=6A9CEBD8"}]}]}}